{"id":2402,"date":"2025-04-08T15:16:13","date_gmt":"2025-04-08T13:16:13","guid":{"rendered":"https:\/\/wave-gr.eu\/?post_type=avancees&#038;p=2402"},"modified":"2025-04-09T09:17:14","modified_gmt":"2025-04-09T07:17:14","slug":"dendrometer-netzwerk-in-der-grossregion-poster","status":"publish","type":"avancees","link":"https:\/\/wave-gr.eu\/de\/avancees\/dendrometer-netzwerk-in-der-grossregion-poster\/","title":{"rendered":"Dendrometer-Netzwerk in der Gro\u00dfregion \u2013 Poster"},"content":{"rendered":"\n<p>Im Rahmen des Projekts W.A.V.E. haben die Universit\u00e4t L\u00fcttich und ihre Projektpartner in enger Zusammenarbeit rund 300 Dendrometer im gesamten Gebiet der Gro\u00dfregion installiert, um das Verhalten von Baumarten gegen\u00fcber klimatischen Extremen besser zu verstehen.<\/p>\n\n\n\n<p>Entdecken Sie das in diesem Rahmen erstellte <a href=\"https:\/\/wave-gr.eu\/wp-content\/uploads\/2025\/04\/Poster_carto_dendro.pdf\">Poster<\/a>. (Verf\u00fcgbar in Franz\u00f6sisch)<\/p>\n\n\n\n<p><\/p>\n","protected":false},"featured_media":2377,"template":"","module":[32],"class_list":["post-2402","avancees","type-avancees","status-publish","has-post-thumbnail","hentry","module-module-1"],"acf":[],"yoast_head":"<!-- This site is optimized with the Yoast SEO plugin v27.3 - https:\/\/yoast.com\/product\/yoast-seo-wordpress\/ -->\n<title>Dendrometer-Netzwerk in der Gro\u00dfregion \u2013 Poster - Projet INTERREG GR W.A.V.E.<\/title>\n<meta name=\"robots\" content=\"index, follow, max-snippet:-1, max-image-preview:large, max-video-preview:-1\" \/>\n<link rel=\"canonical\" href=\"https:\/\/wave-gr.eu\/de\/avancees\/dendrometer-netzwerk-in-der-grossregion-poster\/\" \/>\n<meta property=\"og:locale\" content=\"de_DE\" \/>\n<meta property=\"og:type\" content=\"article\" \/>\n<meta property=\"og:title\" content=\"Dendrometer-Netzwerk in der Gro\u00dfregion \u2013 Poster - Projet INTERREG GR W.A.V.E.\" \/>\n<meta property=\"og:description\" content=\"Im Rahmen des Projekts W.A.V.E. haben die Universit\u00e4t L\u00fcttich und ihre Projektpartner in enger Zusammenarbeit rund 300 Dendrometer im gesamten Gebiet der Gro\u00dfregion installiert, um das Verhalten von Baumarten gegen\u00fcber klimatischen Extremen besser zu verstehen. Entdecken Sie das in diesem Rahmen erstellte Poster. (Verf\u00fcgbar in Franz\u00f6sisch)\" \/>\n<meta property=\"og:url\" content=\"https:\/\/wave-gr.eu\/de\/avancees\/dendrometer-netzwerk-in-der-grossregion-poster\/\" \/>\n<meta property=\"og:site_name\" content=\"Projet INTERREG GR W.A.V.E.\" \/>\n<meta property=\"article:modified_time\" content=\"2025-04-09T07:17:14+00:00\" \/>\n<meta property=\"og:image\" content=\"https:\/\/wave-gr.eu\/wp-content\/uploads\/2025\/04\/AdobeStock_391731484.jpeg\" \/>\n\t<meta property=\"og:image:width\" content=\"1920\" \/>\n\t<meta property=\"og:image:height\" content=\"1280\" \/>\n\t<meta property=\"og:image:type\" content=\"image\/jpeg\" \/>\n<meta name=\"twitter:card\" content=\"summary_large_image\" \/>\n<meta name=\"twitter:label1\" content=\"Gesch\u00e4tzte Lesezeit\" \/>\n\t<meta name=\"twitter:data1\" content=\"1\u00a0Minute\" \/>\n<script type=\"application\/ld+json\" class=\"yoast-schema-graph\">{\"@context\":\"https:\\\/\\\/schema.org\",\"@graph\":[{\"@type\":\"WebPage\",\"@id\":\"https:\\\/\\\/wave-gr.eu\\\/de\\\/avancees\\\/dendrometer-netzwerk-in-der-grossregion-poster\\\/\",\"url\":\"https:\\\/\\\/wave-gr.eu\\\/de\\\/avancees\\\/dendrometer-netzwerk-in-der-grossregion-poster\\\/\",\"name\":\"Dendrometer-Netzwerk in der Gro\u00dfregion \u2013 Poster - Projet INTERREG GR W.A.V.E.\",\"isPartOf\":{\"@id\":\"https:\\\/\\\/wave-gr.eu\\\/de\\\/#website\"},\"primaryImageOfPage\":{\"@id\":\"https:\\\/\\\/wave-gr.eu\\\/de\\\/avancees\\\/dendrometer-netzwerk-in-der-grossregion-poster\\\/#primaryimage\"},\"image\":{\"@id\":\"https:\\\/\\\/wave-gr.eu\\\/de\\\/avancees\\\/dendrometer-netzwerk-in-der-grossregion-poster\\\/#primaryimage\"},\"thumbnailUrl\":\"https:\\\/\\\/wave-gr.eu\\\/wp-content\\\/uploads\\\/2025\\\/04\\\/AdobeStock_391731484.jpeg\",\"datePublished\":\"2025-04-08T13:16:13+00:00\",\"dateModified\":\"2025-04-09T07:17:14+00:00\",\"breadcrumb\":{\"@id\":\"https:\\\/\\\/wave-gr.eu\\\/de\\\/avancees\\\/dendrometer-netzwerk-in-der-grossregion-poster\\\/#breadcrumb\"},\"inLanguage\":\"de\",\"potentialAction\":[{\"@type\":\"ReadAction\",\"target\":[\"https:\\\/\\\/wave-gr.eu\\\/de\\\/avancees\\\/dendrometer-netzwerk-in-der-grossregion-poster\\\/\"]}]},{\"@type\":\"ImageObject\",\"inLanguage\":\"de\",\"@id\":\"https:\\\/\\\/wave-gr.eu\\\/de\\\/avancees\\\/dendrometer-netzwerk-in-der-grossregion-poster\\\/#primaryimage\",\"url\":\"https:\\\/\\\/wave-gr.eu\\\/wp-content\\\/uploads\\\/2025\\\/04\\\/AdobeStock_391731484.jpeg\",\"contentUrl\":\"https:\\\/\\\/wave-gr.eu\\\/wp-content\\\/uploads\\\/2025\\\/04\\\/AdobeStock_391731484.jpeg\",\"width\":1920,\"height\":1280},{\"@type\":\"BreadcrumbList\",\"@id\":\"https:\\\/\\\/wave-gr.eu\\\/de\\\/avancees\\\/dendrometer-netzwerk-in-der-grossregion-poster\\\/#breadcrumb\",\"itemListElement\":[{\"@type\":\"ListItem\",\"position\":1,\"name\":\"Home\",\"item\":\"https:\\\/\\\/wave-gr.eu\\\/de\\\/\"},{\"@type\":\"ListItem\",\"position\":2,\"name\":\"Dendrometer-Netzwerk in der Gro\u00dfregion \u2013 Poster\"}]},{\"@type\":\"WebSite\",\"@id\":\"https:\\\/\\\/wave-gr.eu\\\/de\\\/#website\",\"url\":\"https:\\\/\\\/wave-gr.eu\\\/de\\\/\",\"name\":\"Projet INTERREG GR W.A.V.E.\",\"description\":\"\",\"publisher\":{\"@id\":\"https:\\\/\\\/wave-gr.eu\\\/de\\\/#organization\"},\"potentialAction\":[{\"@type\":\"SearchAction\",\"target\":{\"@type\":\"EntryPoint\",\"urlTemplate\":\"https:\\\/\\\/wave-gr.eu\\\/de\\\/?s={search_term_string}\"},\"query-input\":{\"@type\":\"PropertyValueSpecification\",\"valueRequired\":true,\"valueName\":\"search_term_string\"}}],\"inLanguage\":\"de\"},{\"@type\":\"Organization\",\"@id\":\"https:\\\/\\\/wave-gr.eu\\\/de\\\/#organization\",\"name\":\"Projet INTERREG GR W.A.V.E.\",\"url\":\"https:\\\/\\\/wave-gr.eu\\\/de\\\/\",\"logo\":{\"@type\":\"ImageObject\",\"inLanguage\":\"de\",\"@id\":\"https:\\\/\\\/wave-gr.eu\\\/de\\\/#\\\/schema\\\/logo\\\/image\\\/\",\"url\":\"https:\\\/\\\/wave-gr.eu\\\/wp-content\\\/uploads\\\/2024\\\/10\\\/cropped-Groupe-3964.png\",\"contentUrl\":\"https:\\\/\\\/wave-gr.eu\\\/wp-content\\\/uploads\\\/2024\\\/10\\\/cropped-Groupe-3964.png\",\"width\":512,\"height\":512,\"caption\":\"Projet INTERREG GR W.A.V.E.\"},\"image\":{\"@id\":\"https:\\\/\\\/wave-gr.eu\\\/de\\\/#\\\/schema\\\/logo\\\/image\\\/\"}}]}<\/script>\n<!-- \/ Yoast SEO plugin. -->","yoast_head_json":{"title":"Dendrometer-Netzwerk in der Gro\u00dfregion \u2013 Poster - Projet INTERREG GR W.A.V.E.","robots":{"index":"index","follow":"follow","max-snippet":"max-snippet:-1","max-image-preview":"max-image-preview:large","max-video-preview":"max-video-preview:-1"},"canonical":"https:\/\/wave-gr.eu\/de\/avancees\/dendrometer-netzwerk-in-der-grossregion-poster\/","og_locale":"de_DE","og_type":"article","og_title":"Dendrometer-Netzwerk in der Gro\u00dfregion \u2013 Poster - Projet INTERREG GR W.A.V.E.","og_description":"Im Rahmen des Projekts W.A.V.E. haben die Universit\u00e4t L\u00fcttich und ihre Projektpartner in enger Zusammenarbeit rund 300 Dendrometer im gesamten Gebiet der Gro\u00dfregion installiert, um das Verhalten von Baumarten gegen\u00fcber klimatischen Extremen besser zu verstehen. Entdecken Sie das in diesem Rahmen erstellte Poster. (Verf\u00fcgbar in Franz\u00f6sisch)","og_url":"https:\/\/wave-gr.eu\/de\/avancees\/dendrometer-netzwerk-in-der-grossregion-poster\/","og_site_name":"Projet INTERREG GR W.A.V.E.","article_modified_time":"2025-04-09T07:17:14+00:00","og_image":[{"width":1920,"height":1280,"url":"https:\/\/wave-gr.eu\/wp-content\/uploads\/2025\/04\/AdobeStock_391731484.jpeg","type":"image\/jpeg"}],"twitter_card":"summary_large_image","twitter_misc":{"Gesch\u00e4tzte Lesezeit":"1\u00a0Minute"},"schema":{"@context":"https:\/\/schema.org","@graph":[{"@type":"WebPage","@id":"https:\/\/wave-gr.eu\/de\/avancees\/dendrometer-netzwerk-in-der-grossregion-poster\/","url":"https:\/\/wave-gr.eu\/de\/avancees\/dendrometer-netzwerk-in-der-grossregion-poster\/","name":"Dendrometer-Netzwerk in der Gro\u00dfregion \u2013 Poster - Projet INTERREG GR W.A.V.E.","isPartOf":{"@id":"https:\/\/wave-gr.eu\/de\/#website"},"primaryImageOfPage":{"@id":"https:\/\/wave-gr.eu\/de\/avancees\/dendrometer-netzwerk-in-der-grossregion-poster\/#primaryimage"},"image":{"@id":"https:\/\/wave-gr.eu\/de\/avancees\/dendrometer-netzwerk-in-der-grossregion-poster\/#primaryimage"},"thumbnailUrl":"https:\/\/wave-gr.eu\/wp-content\/uploads\/2025\/04\/AdobeStock_391731484.jpeg","datePublished":"2025-04-08T13:16:13+00:00","dateModified":"2025-04-09T07:17:14+00:00","breadcrumb":{"@id":"https:\/\/wave-gr.eu\/de\/avancees\/dendrometer-netzwerk-in-der-grossregion-poster\/#breadcrumb"},"inLanguage":"de","potentialAction":[{"@type":"ReadAction","target":["https:\/\/wave-gr.eu\/de\/avancees\/dendrometer-netzwerk-in-der-grossregion-poster\/"]}]},{"@type":"ImageObject","inLanguage":"de","@id":"https:\/\/wave-gr.eu\/de\/avancees\/dendrometer-netzwerk-in-der-grossregion-poster\/#primaryimage","url":"https:\/\/wave-gr.eu\/wp-content\/uploads\/2025\/04\/AdobeStock_391731484.jpeg","contentUrl":"https:\/\/wave-gr.eu\/wp-content\/uploads\/2025\/04\/AdobeStock_391731484.jpeg","width":1920,"height":1280},{"@type":"BreadcrumbList","@id":"https:\/\/wave-gr.eu\/de\/avancees\/dendrometer-netzwerk-in-der-grossregion-poster\/#breadcrumb","itemListElement":[{"@type":"ListItem","position":1,"name":"Home","item":"https:\/\/wave-gr.eu\/de\/"},{"@type":"ListItem","position":2,"name":"Dendrometer-Netzwerk in der Gro\u00dfregion \u2013 Poster"}]},{"@type":"WebSite","@id":"https:\/\/wave-gr.eu\/de\/#website","url":"https:\/\/wave-gr.eu\/de\/","name":"Projet INTERREG GR W.A.V.E.","description":"","publisher":{"@id":"https:\/\/wave-gr.eu\/de\/#organization"},"potentialAction":[{"@type":"SearchAction","target":{"@type":"EntryPoint","urlTemplate":"https:\/\/wave-gr.eu\/de\/?s={search_term_string}"},"query-input":{"@type":"PropertyValueSpecification","valueRequired":true,"valueName":"search_term_string"}}],"inLanguage":"de"},{"@type":"Organization","@id":"https:\/\/wave-gr.eu\/de\/#organization","name":"Projet INTERREG GR W.A.V.E.","url":"https:\/\/wave-gr.eu\/de\/","logo":{"@type":"ImageObject","inLanguage":"de","@id":"https:\/\/wave-gr.eu\/de\/#\/schema\/logo\/image\/","url":"https:\/\/wave-gr.eu\/wp-content\/uploads\/2024\/10\/cropped-Groupe-3964.png","contentUrl":"https:\/\/wave-gr.eu\/wp-content\/uploads\/2024\/10\/cropped-Groupe-3964.png","width":512,"height":512,"caption":"Projet INTERREG GR W.A.V.E."},"image":{"@id":"https:\/\/wave-gr.eu\/de\/#\/schema\/logo\/image\/"}}]}},"_links":{"self":[{"href":"https:\/\/wave-gr.eu\/de\/wp-json\/wp\/v2\/avancees\/2402","targetHints":{"allow":["GET"]}}],"collection":[{"href":"https:\/\/wave-gr.eu\/de\/wp-json\/wp\/v2\/avancees"}],"about":[{"href":"https:\/\/wave-gr.eu\/de\/wp-json\/wp\/v2\/types\/avancees"}],"wp:featuredmedia":[{"embeddable":true,"href":"https:\/\/wave-gr.eu\/de\/wp-json\/wp\/v2\/media\/2377"}],"wp:attachment":[{"href":"https:\/\/wave-gr.eu\/de\/wp-json\/wp\/v2\/media?parent=2402"}],"wp:term":[{"taxonomy":"module","embeddable":true,"href":"https:\/\/wave-gr.eu\/de\/wp-json\/wp\/v2\/module?post=2402"}],"curies":[{"name":"wp","href":"https:\/\/api.w.org\/{rel}","templated":true}]}}