{"id":3538,"date":"2026-04-27T16:03:48","date_gmt":"2026-04-27T14:03:48","guid":{"rendered":"https:\/\/wave-gr.eu\/?post_type=agenda&#038;p=3538"},"modified":"2026-04-27T16:12:00","modified_gmt":"2026-04-27T14:12:00","slug":"exkursion-nachhaltig-mit-holz-oeffentliches-bauen-in-grand-est-am-1-oktober-nach-nancy","status":"publish","type":"agenda","link":"https:\/\/wave-gr.eu\/de\/agenda\/exkursion-nachhaltig-mit-holz-oeffentliches-bauen-in-grand-est-am-1-oktober-nach-nancy\/","title":{"rendered":"Exkursion &#8222;Nachhaltig mit Holz &#8211; \u00f6ffentliches Bauen in Grand Est&#8220; am 1. Oktober nach Nancy"},"content":{"rendered":"\n<p>Begleiten Sie uns auf eine Fahrt rund um Nancy zu \u00f6ffentlichen Geb\u00e4uden, bei denen Holz eine tragende Rolle spielt. Wir besichtigen ein Gymnasium, eine Sporthalle und einen Verwaltungssitz. Die Unternehmen der Bauwirtschaft, Architekten, Ingenieure, Fachplaner und Interessierte am nachhaltigen Bauen mit Holz sind eingeladen, sich durch pr\u00e4mierte Projekte in Grand Est zum nachhaltigen Bauen mit Holz inspirieren zu lassen.<\/p>\n\n\n\n<p class=\"has-medium-font-size\">Programm:<\/p>\n\n\n\n<p>Sitz der <strong>Gemeindeverwaltung von Moselle-et-Madon<\/strong>: Auf einem ehemaligen Industriegebiet mithilfe von Materialien aus demontierten Hallen erbaut. Zehn Portiken bilden die Prim\u00e4rstruktur des Geb\u00e4udes. Die Struktur ist aus Fichtenholz, der Innenausbau aus regionalem Holz. Der neue strukturelle Rahmen ist sp\u00e4ter demontierbar. Die Herstellung der Lehmziegel erfolgte vor Ort als Bildungs- und Teilhabeprojekt, das Arbeitslose, Sch\u00fcler und Anwohner an das Handwerk heranf\u00fchren sollte.<\/p>\n\n\n\n<p><strong>Sporthalle Jean Lamour<\/strong>: einer der spektakul\u00e4rsten Aspekte dieses Projekts ist seine Au\u00dfenh\u00fclle: eine Staketenverkleidung aus unbehandelten und ungesch\u00e4lten Douglasienholzlatten l\u00e4sst das dreidimensionale Netz des inneren Geb\u00e4lks sichtbar werden. Nutzung von Waldkiefernholz f\u00fcr Innenausbauten und Schreinerarbeiten. Nationaler Holzbaupreis 2023.<\/p>\n\n\n\n<p><strong>Coll\u00e8ge Niki de Saint Phalle<\/strong>: erster \u00f6ffentlicher Holz-Stroh-Bau in Frankreich; Passivhaus mit Tragstruktur aus Douglasie, L\u00e4rche, Tanne und Fichte, kombiniert mit strohged\u00e4mmten Holzrahmenmodulen. Besonders hervorzuheben ist das modulare, anpassungsf\u00e4hige Konstruktionskonzept des Neubaus: die klare Tragstruktur aus Holzst\u00fctzen und -tr\u00e4gern sowie eine gerasterte Fassade erm\u00f6glichen langfristige r\u00e4umliche Ver\u00e4nderungen ohne gro\u00dfe Eingriffe.<\/p>\n\n\n\n<figure class=\"wp-block-image size-full\"><img decoding=\"async\" width=\"109\" height=\"99\" src=\"https:\/\/wave-gr.eu\/wp-content\/uploads\/2026\/04\/image-2.png\" alt=\"\" class=\"wp-image-3539\"\/><\/figure>\n\n\n\n<figure class=\"wp-block-image size-full\"><img decoding=\"async\" width=\"331\" height=\"65\" src=\"https:\/\/wave-gr.eu\/wp-content\/uploads\/2026\/04\/image-3.png\" alt=\"\" class=\"wp-image-3540\" srcset=\"https:\/\/wave-gr.eu\/wp-content\/uploads\/2026\/04\/image-3.png 331w, https:\/\/wave-gr.eu\/wp-content\/uploads\/2026\/04\/image-3-300x59.png 300w\" sizes=\"(max-width: 331px) 100vw, 331px\" \/><\/figure>\n\n\n\n<p>&nbsp; (Programm\u00e4nderungen vorbehalten.)<\/p>\n\n\n\n<p class=\"has-medium-font-size\"><strong>Ihre Vorteile:<\/strong><\/p>\n\n\n\n<ul class=\"wp-block-list\">\n<li>Bustransfer ab Saarbr\u00fccken und zur\u00fcck<\/li>\n\n\n\n<li>Gemeinsames Mittagessen<\/li>\n\n\n\n<li>\u00dcbersetzung franz\u00f6sisch &#8211; deutsch<\/li>\n<\/ul>\n\n\n\n<p><strong>Anmeldung unter: <a href=\"https:\/\/www.bau-saar.de\/de\/veranstaltung-exkursion-nancy-nachhaltig-mit-holz-39\">AGV Bau Saar<\/a><\/strong><\/p>\n\n\n\n<p>Ein vollst\u00e4ndiges Programm wird Ihnen zugesendet.<\/p>\n\n\n\n<p>Weitere Informationen:<a href=\"mailto:Verena.ayere@dlg-saar.de\"><strong>Verena.ayere@dlg-saar.de<\/strong><\/a><strong>, T: 0174 7448375<\/strong><\/p>\n\n\n\n<p>Sichern Sie sich bereits jetzt Ihre<strong>&nbsp;kostenfreie Teilnahme<\/strong>&nbsp;an der letzten Exkursion mit der Dienstleistungsgesellschaft der Saarl\u00e4ndischen Bauwirtschaft im Interreg-Projekt. <strong>Entdecken Sie mit W.A.V.E. den innovativen Holzbau und Netzwerken Sie innerhalb der Akteure in der Gro\u00dfregion!<\/strong><\/p>\n\n\n\n<p>eine Koordinierung von <strong>DLG Bau<\/strong><\/p>\n","protected":false},"featured_media":3530,"template":"","class_list":["post-3538","agenda","type-agenda","status-publish","has-post-thumbnail","hentry"],"acf":[],"yoast_head":"<!-- This site is optimized with the Yoast SEO plugin v27.3 - https:\/\/yoast.com\/product\/yoast-seo-wordpress\/ -->\n<title>Exkursion &quot;Nachhaltig mit Holz - \u00f6ffentliches Bauen in Grand Est&quot; am 1. Oktober nach Nancy - Projet INTERREG GR W.A.V.E.<\/title>\n<meta name=\"robots\" content=\"index, follow, max-snippet:-1, max-image-preview:large, max-video-preview:-1\" \/>\n<link rel=\"canonical\" href=\"https:\/\/wave-gr.eu\/de\/agenda\/exkursion-nachhaltig-mit-holz-oeffentliches-bauen-in-grand-est-am-1-oktober-nach-nancy\/\" \/>\n<meta property=\"og:locale\" content=\"de_DE\" \/>\n<meta property=\"og:type\" content=\"article\" \/>\n<meta property=\"og:title\" content=\"Exkursion &quot;Nachhaltig mit Holz - \u00f6ffentliches Bauen in Grand Est&quot; am 1. Oktober nach Nancy - Projet INTERREG GR W.A.V.E.\" \/>\n<meta property=\"og:description\" content=\"Begleiten Sie uns auf eine Fahrt rund um Nancy zu \u00f6ffentlichen Geb\u00e4uden, bei denen Holz eine tragende Rolle spielt. Wir besichtigen ein Gymnasium, eine Sporthalle und einen Verwaltungssitz. Die Unternehmen der Bauwirtschaft, Architekten, Ingenieure, Fachplaner und Interessierte am nachhaltigen Bauen mit Holz sind eingeladen, sich durch pr\u00e4mierte Projekte in Grand Est zum nachhaltigen Bauen mit [&hellip;]\" \/>\n<meta property=\"og:url\" content=\"https:\/\/wave-gr.eu\/de\/agenda\/exkursion-nachhaltig-mit-holz-oeffentliches-bauen-in-grand-est-am-1-oktober-nach-nancy\/\" \/>\n<meta property=\"og:site_name\" content=\"Projet INTERREG GR W.A.V.E.\" \/>\n<meta property=\"article:modified_time\" content=\"2026-04-27T14:12:00+00:00\" \/>\n<meta property=\"og:image\" content=\"https:\/\/wave-gr.eu\/wp-content\/uploads\/2026\/04\/Exkursion_Nancy_1-octobre-26_DLG-Bau-post-linkedin.jpg\" \/>\n\t<meta property=\"og:image:width\" content=\"1280\" \/>\n\t<meta property=\"og:image:height\" content=\"720\" \/>\n\t<meta property=\"og:image:type\" content=\"image\/jpeg\" \/>\n<meta name=\"twitter:card\" content=\"summary_large_image\" \/>\n<meta name=\"twitter:label1\" content=\"Gesch\u00e4tzte Lesezeit\" \/>\n\t<meta name=\"twitter:data1\" content=\"3\u00a0Minuten\" \/>\n<script type=\"application\/ld+json\" class=\"yoast-schema-graph\">{\"@context\":\"https:\\\/\\\/schema.org\",\"@graph\":[{\"@type\":\"WebPage\",\"@id\":\"https:\\\/\\\/wave-gr.eu\\\/de\\\/agenda\\\/exkursion-nachhaltig-mit-holz-oeffentliches-bauen-in-grand-est-am-1-oktober-nach-nancy\\\/\",\"url\":\"https:\\\/\\\/wave-gr.eu\\\/de\\\/agenda\\\/exkursion-nachhaltig-mit-holz-oeffentliches-bauen-in-grand-est-am-1-oktober-nach-nancy\\\/\",\"name\":\"Exkursion \\\"Nachhaltig mit Holz - \u00f6ffentliches Bauen in Grand Est\\\" am 1. Oktober nach Nancy - Projet INTERREG GR W.A.V.E.\",\"isPartOf\":{\"@id\":\"https:\\\/\\\/wave-gr.eu\\\/de\\\/#website\"},\"primaryImageOfPage\":{\"@id\":\"https:\\\/\\\/wave-gr.eu\\\/de\\\/agenda\\\/exkursion-nachhaltig-mit-holz-oeffentliches-bauen-in-grand-est-am-1-oktober-nach-nancy\\\/#primaryimage\"},\"image\":{\"@id\":\"https:\\\/\\\/wave-gr.eu\\\/de\\\/agenda\\\/exkursion-nachhaltig-mit-holz-oeffentliches-bauen-in-grand-est-am-1-oktober-nach-nancy\\\/#primaryimage\"},\"thumbnailUrl\":\"https:\\\/\\\/wave-gr.eu\\\/wp-content\\\/uploads\\\/2026\\\/04\\\/Exkursion_Nancy_1-octobre-26_DLG-Bau-post-linkedin.jpg\",\"datePublished\":\"2026-04-27T14:03:48+00:00\",\"dateModified\":\"2026-04-27T14:12:00+00:00\",\"breadcrumb\":{\"@id\":\"https:\\\/\\\/wave-gr.eu\\\/de\\\/agenda\\\/exkursion-nachhaltig-mit-holz-oeffentliches-bauen-in-grand-est-am-1-oktober-nach-nancy\\\/#breadcrumb\"},\"inLanguage\":\"de\",\"potentialAction\":[{\"@type\":\"ReadAction\",\"target\":[\"https:\\\/\\\/wave-gr.eu\\\/de\\\/agenda\\\/exkursion-nachhaltig-mit-holz-oeffentliches-bauen-in-grand-est-am-1-oktober-nach-nancy\\\/\"]}]},{\"@type\":\"ImageObject\",\"inLanguage\":\"de\",\"@id\":\"https:\\\/\\\/wave-gr.eu\\\/de\\\/agenda\\\/exkursion-nachhaltig-mit-holz-oeffentliches-bauen-in-grand-est-am-1-oktober-nach-nancy\\\/#primaryimage\",\"url\":\"https:\\\/\\\/wave-gr.eu\\\/wp-content\\\/uploads\\\/2026\\\/04\\\/Exkursion_Nancy_1-octobre-26_DLG-Bau-post-linkedin.jpg\",\"contentUrl\":\"https:\\\/\\\/wave-gr.eu\\\/wp-content\\\/uploads\\\/2026\\\/04\\\/Exkursion_Nancy_1-octobre-26_DLG-Bau-post-linkedin.jpg\",\"width\":1280,\"height\":720},{\"@type\":\"BreadcrumbList\",\"@id\":\"https:\\\/\\\/wave-gr.eu\\\/de\\\/agenda\\\/exkursion-nachhaltig-mit-holz-oeffentliches-bauen-in-grand-est-am-1-oktober-nach-nancy\\\/#breadcrumb\",\"itemListElement\":[{\"@type\":\"ListItem\",\"position\":1,\"name\":\"Home\",\"item\":\"https:\\\/\\\/wave-gr.eu\\\/de\\\/\"},{\"@type\":\"ListItem\",\"position\":2,\"name\":\"Exkursion \u00ab\u00a0Nachhaltig mit Holz &#8211; \u00f6ffentliches Bauen in Grand Est\u00a0\u00bb am 1. Oktober nach Nancy\"}]},{\"@type\":\"WebSite\",\"@id\":\"https:\\\/\\\/wave-gr.eu\\\/de\\\/#website\",\"url\":\"https:\\\/\\\/wave-gr.eu\\\/de\\\/\",\"name\":\"Projet INTERREG GR W.A.V.E.\",\"description\":\"\",\"publisher\":{\"@id\":\"https:\\\/\\\/wave-gr.eu\\\/de\\\/#organization\"},\"potentialAction\":[{\"@type\":\"SearchAction\",\"target\":{\"@type\":\"EntryPoint\",\"urlTemplate\":\"https:\\\/\\\/wave-gr.eu\\\/de\\\/?s={search_term_string}\"},\"query-input\":{\"@type\":\"PropertyValueSpecification\",\"valueRequired\":true,\"valueName\":\"search_term_string\"}}],\"inLanguage\":\"de\"},{\"@type\":\"Organization\",\"@id\":\"https:\\\/\\\/wave-gr.eu\\\/de\\\/#organization\",\"name\":\"Projet INTERREG GR W.A.V.E.\",\"url\":\"https:\\\/\\\/wave-gr.eu\\\/de\\\/\",\"logo\":{\"@type\":\"ImageObject\",\"inLanguage\":\"de\",\"@id\":\"https:\\\/\\\/wave-gr.eu\\\/de\\\/#\\\/schema\\\/logo\\\/image\\\/\",\"url\":\"https:\\\/\\\/wave-gr.eu\\\/wp-content\\\/uploads\\\/2024\\\/10\\\/cropped-Groupe-3964.png\",\"contentUrl\":\"https:\\\/\\\/wave-gr.eu\\\/wp-content\\\/uploads\\\/2024\\\/10\\\/cropped-Groupe-3964.png\",\"width\":512,\"height\":512,\"caption\":\"Projet INTERREG GR W.A.V.E.\"},\"image\":{\"@id\":\"https:\\\/\\\/wave-gr.eu\\\/de\\\/#\\\/schema\\\/logo\\\/image\\\/\"}}]}<\/script>\n<!-- \/ Yoast SEO plugin. -->","yoast_head_json":{"title":"Exkursion \"Nachhaltig mit Holz - \u00f6ffentliches Bauen in Grand Est\" am 1. Oktober nach Nancy - Projet INTERREG GR W.A.V.E.","robots":{"index":"index","follow":"follow","max-snippet":"max-snippet:-1","max-image-preview":"max-image-preview:large","max-video-preview":"max-video-preview:-1"},"canonical":"https:\/\/wave-gr.eu\/de\/agenda\/exkursion-nachhaltig-mit-holz-oeffentliches-bauen-in-grand-est-am-1-oktober-nach-nancy\/","og_locale":"de_DE","og_type":"article","og_title":"Exkursion \"Nachhaltig mit Holz - \u00f6ffentliches Bauen in Grand Est\" am 1. Oktober nach Nancy - Projet INTERREG GR W.A.V.E.","og_description":"Begleiten Sie uns auf eine Fahrt rund um Nancy zu \u00f6ffentlichen Geb\u00e4uden, bei denen Holz eine tragende Rolle spielt. Wir besichtigen ein Gymnasium, eine Sporthalle und einen Verwaltungssitz. Die Unternehmen der Bauwirtschaft, Architekten, Ingenieure, Fachplaner und Interessierte am nachhaltigen Bauen mit Holz sind eingeladen, sich durch pr\u00e4mierte Projekte in Grand Est zum nachhaltigen Bauen mit [&hellip;]","og_url":"https:\/\/wave-gr.eu\/de\/agenda\/exkursion-nachhaltig-mit-holz-oeffentliches-bauen-in-grand-est-am-1-oktober-nach-nancy\/","og_site_name":"Projet INTERREG GR W.A.V.E.","article_modified_time":"2026-04-27T14:12:00+00:00","og_image":[{"width":1280,"height":720,"url":"https:\/\/wave-gr.eu\/wp-content\/uploads\/2026\/04\/Exkursion_Nancy_1-octobre-26_DLG-Bau-post-linkedin.jpg","type":"image\/jpeg"}],"twitter_card":"summary_large_image","twitter_misc":{"Gesch\u00e4tzte Lesezeit":"3\u00a0Minuten"},"schema":{"@context":"https:\/\/schema.org","@graph":[{"@type":"WebPage","@id":"https:\/\/wave-gr.eu\/de\/agenda\/exkursion-nachhaltig-mit-holz-oeffentliches-bauen-in-grand-est-am-1-oktober-nach-nancy\/","url":"https:\/\/wave-gr.eu\/de\/agenda\/exkursion-nachhaltig-mit-holz-oeffentliches-bauen-in-grand-est-am-1-oktober-nach-nancy\/","name":"Exkursion \"Nachhaltig mit Holz - \u00f6ffentliches Bauen in Grand Est\" am 1. Oktober nach Nancy - Projet INTERREG GR W.A.V.E.","isPartOf":{"@id":"https:\/\/wave-gr.eu\/de\/#website"},"primaryImageOfPage":{"@id":"https:\/\/wave-gr.eu\/de\/agenda\/exkursion-nachhaltig-mit-holz-oeffentliches-bauen-in-grand-est-am-1-oktober-nach-nancy\/#primaryimage"},"image":{"@id":"https:\/\/wave-gr.eu\/de\/agenda\/exkursion-nachhaltig-mit-holz-oeffentliches-bauen-in-grand-est-am-1-oktober-nach-nancy\/#primaryimage"},"thumbnailUrl":"https:\/\/wave-gr.eu\/wp-content\/uploads\/2026\/04\/Exkursion_Nancy_1-octobre-26_DLG-Bau-post-linkedin.jpg","datePublished":"2026-04-27T14:03:48+00:00","dateModified":"2026-04-27T14:12:00+00:00","breadcrumb":{"@id":"https:\/\/wave-gr.eu\/de\/agenda\/exkursion-nachhaltig-mit-holz-oeffentliches-bauen-in-grand-est-am-1-oktober-nach-nancy\/#breadcrumb"},"inLanguage":"de","potentialAction":[{"@type":"ReadAction","target":["https:\/\/wave-gr.eu\/de\/agenda\/exkursion-nachhaltig-mit-holz-oeffentliches-bauen-in-grand-est-am-1-oktober-nach-nancy\/"]}]},{"@type":"ImageObject","inLanguage":"de","@id":"https:\/\/wave-gr.eu\/de\/agenda\/exkursion-nachhaltig-mit-holz-oeffentliches-bauen-in-grand-est-am-1-oktober-nach-nancy\/#primaryimage","url":"https:\/\/wave-gr.eu\/wp-content\/uploads\/2026\/04\/Exkursion_Nancy_1-octobre-26_DLG-Bau-post-linkedin.jpg","contentUrl":"https:\/\/wave-gr.eu\/wp-content\/uploads\/2026\/04\/Exkursion_Nancy_1-octobre-26_DLG-Bau-post-linkedin.jpg","width":1280,"height":720},{"@type":"BreadcrumbList","@id":"https:\/\/wave-gr.eu\/de\/agenda\/exkursion-nachhaltig-mit-holz-oeffentliches-bauen-in-grand-est-am-1-oktober-nach-nancy\/#breadcrumb","itemListElement":[{"@type":"ListItem","position":1,"name":"Home","item":"https:\/\/wave-gr.eu\/de\/"},{"@type":"ListItem","position":2,"name":"Exkursion \u00ab\u00a0Nachhaltig mit Holz &#8211; \u00f6ffentliches Bauen in Grand Est\u00a0\u00bb am 1. Oktober nach Nancy"}]},{"@type":"WebSite","@id":"https:\/\/wave-gr.eu\/de\/#website","url":"https:\/\/wave-gr.eu\/de\/","name":"Projet INTERREG GR W.A.V.E.","description":"","publisher":{"@id":"https:\/\/wave-gr.eu\/de\/#organization"},"potentialAction":[{"@type":"SearchAction","target":{"@type":"EntryPoint","urlTemplate":"https:\/\/wave-gr.eu\/de\/?s={search_term_string}"},"query-input":{"@type":"PropertyValueSpecification","valueRequired":true,"valueName":"search_term_string"}}],"inLanguage":"de"},{"@type":"Organization","@id":"https:\/\/wave-gr.eu\/de\/#organization","name":"Projet INTERREG GR W.A.V.E.","url":"https:\/\/wave-gr.eu\/de\/","logo":{"@type":"ImageObject","inLanguage":"de","@id":"https:\/\/wave-gr.eu\/de\/#\/schema\/logo\/image\/","url":"https:\/\/wave-gr.eu\/wp-content\/uploads\/2024\/10\/cropped-Groupe-3964.png","contentUrl":"https:\/\/wave-gr.eu\/wp-content\/uploads\/2024\/10\/cropped-Groupe-3964.png","width":512,"height":512,"caption":"Projet INTERREG GR W.A.V.E."},"image":{"@id":"https:\/\/wave-gr.eu\/de\/#\/schema\/logo\/image\/"}}]}},"_links":{"self":[{"href":"https:\/\/wave-gr.eu\/de\/wp-json\/wp\/v2\/agenda\/3538","targetHints":{"allow":["GET"]}}],"collection":[{"href":"https:\/\/wave-gr.eu\/de\/wp-json\/wp\/v2\/agenda"}],"about":[{"href":"https:\/\/wave-gr.eu\/de\/wp-json\/wp\/v2\/types\/agenda"}],"wp:featuredmedia":[{"embeddable":true,"href":"https:\/\/wave-gr.eu\/de\/wp-json\/wp\/v2\/media\/3530"}],"wp:attachment":[{"href":"https:\/\/wave-gr.eu\/de\/wp-json\/wp\/v2\/media?parent=3538"}],"curies":[{"name":"wp","href":"https:\/\/api.w.org\/{rel}","templated":true}]}}