{"id":2599,"date":"2025-09-09T12:07:13","date_gmt":"2025-09-09T10:07:13","guid":{"rendered":"https:\/\/wave-gr.eu\/?post_type=agenda&#038;p=2599"},"modified":"2025-09-25T13:55:00","modified_gmt":"2025-09-25T11:55:00","slug":"tag-der-besichtigungen-vorbildlicher-gebaeude-schule-gymnasium-ausbildungszentrum-buerogebaeude","status":"publish","type":"agenda","link":"https:\/\/wave-gr.eu\/de\/agenda\/tag-der-besichtigungen-vorbildlicher-gebaeude-schule-gymnasium-ausbildungszentrum-buerogebaeude\/","title":{"rendered":"Tage der Besichtigungen vorbildlicher Geb\u00e4ude: Schule, Gymnasium, Ausbildungszentrum, B\u00fcrogeb\u00e4ude"},"content":{"rendered":"\n<p>Zwei Termine : 07.10.2025 oder 09.10.2025<\/p>\n\n\n\n<p>An diesem Tag werden vorbildliche \u00f6ffentliche Projekte aus dem gesamten Hennegau vorgestellt, die das Potenzial von Holz in verschiedenen Kontexten veranschaulichen:<\/p>\n\n\n\n<ul class=\"wp-block-list\">\n<li>Einsatz innovativer Bauweisen,<\/li>\n\n\n\n<li>F\u00f6rderung der Vielfalt und Komplementarit\u00e4t von Holzbauweisen,<\/li>\n\n\n\n<li>Entw\u00fcrfe, die eine vollst\u00e4ndige Demontierbarkeit der Geb\u00e4ude erm\u00f6glichen,<\/li>\n\n\n\n<li>innovative Verwertung von CLT-Reststoffen.<\/li>\n<\/ul>\n\n\n\n<p>Ein <a href=\"https:\/\/wave-gr.eu\/wp-content\/uploads\/2025\/09\/DE-journee-WAVE-07-09.10.25.pdf\">Programm<\/a><\/p>\n\n\n\n<p>Eine Anmeldung:  <a href=\"https:\/\/docs.google.com\/forms\/d\/e\/1FAIpQLSdio7TJ515RlE0htFBRkA0sqlAXdJ3iOlJIW8macsb26Ki8jQ\/viewform?usp=header\">hier entlang bitte<\/a><\/p>\n\n\n\n<p>eine Organisation von Ligne Bois<\/p>\n","protected":false},"featured_media":2600,"template":"","class_list":["post-2599","agenda","type-agenda","status-publish","has-post-thumbnail","hentry"],"acf":[],"yoast_head":"<!-- This site is optimized with the Yoast SEO plugin v27.3 - https:\/\/yoast.com\/product\/yoast-seo-wordpress\/ -->\n<title>Tage der Besichtigungen vorbildlicher Geb\u00e4ude: Schule, Gymnasium, Ausbildungszentrum, B\u00fcrogeb\u00e4ude - Projet INTERREG GR W.A.V.E.<\/title>\n<meta name=\"robots\" content=\"index, follow, max-snippet:-1, max-image-preview:large, max-video-preview:-1\" \/>\n<link rel=\"canonical\" href=\"https:\/\/wave-gr.eu\/de\/agenda\/tag-der-besichtigungen-vorbildlicher-gebaeude-schule-gymnasium-ausbildungszentrum-buerogebaeude\/\" \/>\n<meta property=\"og:locale\" content=\"de_DE\" \/>\n<meta property=\"og:type\" content=\"article\" \/>\n<meta property=\"og:title\" content=\"Tage der Besichtigungen vorbildlicher Geb\u00e4ude: Schule, Gymnasium, Ausbildungszentrum, B\u00fcrogeb\u00e4ude - Projet INTERREG GR W.A.V.E.\" \/>\n<meta property=\"og:description\" content=\"Zwei Termine : 07.10.2025 oder 09.10.2025 An diesem Tag werden vorbildliche \u00f6ffentliche Projekte aus dem gesamten Hennegau vorgestellt, die das Potenzial von Holz in verschiedenen Kontexten veranschaulichen: Ein Programm Eine Anmeldung: hier entlang bitte eine Organisation von Ligne Bois\" \/>\n<meta property=\"og:url\" content=\"https:\/\/wave-gr.eu\/de\/agenda\/tag-der-besichtigungen-vorbildlicher-gebaeude-schule-gymnasium-ausbildungszentrum-buerogebaeude\/\" \/>\n<meta property=\"og:site_name\" content=\"Projet INTERREG GR W.A.V.E.\" \/>\n<meta property=\"article:modified_time\" content=\"2025-09-25T11:55:00+00:00\" \/>\n<meta property=\"og:image\" content=\"https:\/\/wave-gr.eu\/wp-content\/uploads\/2025\/09\/journee-technique-DE-9oct25.png\" \/>\n\t<meta property=\"og:image:width\" content=\"552\" \/>\n\t<meta property=\"og:image:height\" content=\"786\" \/>\n\t<meta property=\"og:image:type\" content=\"image\/png\" \/>\n<meta name=\"twitter:card\" content=\"summary_large_image\" \/>\n<meta name=\"twitter:label1\" content=\"Gesch\u00e4tzte Lesezeit\" \/>\n\t<meta name=\"twitter:data1\" content=\"1\u00a0Minute\" \/>\n<script type=\"application\/ld+json\" class=\"yoast-schema-graph\">{\"@context\":\"https:\\\/\\\/schema.org\",\"@graph\":[{\"@type\":\"WebPage\",\"@id\":\"https:\\\/\\\/wave-gr.eu\\\/de\\\/agenda\\\/tag-der-besichtigungen-vorbildlicher-gebaeude-schule-gymnasium-ausbildungszentrum-buerogebaeude\\\/\",\"url\":\"https:\\\/\\\/wave-gr.eu\\\/de\\\/agenda\\\/tag-der-besichtigungen-vorbildlicher-gebaeude-schule-gymnasium-ausbildungszentrum-buerogebaeude\\\/\",\"name\":\"Tage der Besichtigungen vorbildlicher Geb\u00e4ude: Schule, Gymnasium, Ausbildungszentrum, B\u00fcrogeb\u00e4ude - Projet INTERREG GR W.A.V.E.\",\"isPartOf\":{\"@id\":\"https:\\\/\\\/wave-gr.eu\\\/de\\\/#website\"},\"primaryImageOfPage\":{\"@id\":\"https:\\\/\\\/wave-gr.eu\\\/de\\\/agenda\\\/tag-der-besichtigungen-vorbildlicher-gebaeude-schule-gymnasium-ausbildungszentrum-buerogebaeude\\\/#primaryimage\"},\"image\":{\"@id\":\"https:\\\/\\\/wave-gr.eu\\\/de\\\/agenda\\\/tag-der-besichtigungen-vorbildlicher-gebaeude-schule-gymnasium-ausbildungszentrum-buerogebaeude\\\/#primaryimage\"},\"thumbnailUrl\":\"https:\\\/\\\/wave-gr.eu\\\/wp-content\\\/uploads\\\/2025\\\/09\\\/journee-technique-DE-9oct25.png\",\"datePublished\":\"2025-09-09T10:07:13+00:00\",\"dateModified\":\"2025-09-25T11:55:00+00:00\",\"breadcrumb\":{\"@id\":\"https:\\\/\\\/wave-gr.eu\\\/de\\\/agenda\\\/tag-der-besichtigungen-vorbildlicher-gebaeude-schule-gymnasium-ausbildungszentrum-buerogebaeude\\\/#breadcrumb\"},\"inLanguage\":\"de\",\"potentialAction\":[{\"@type\":\"ReadAction\",\"target\":[\"https:\\\/\\\/wave-gr.eu\\\/de\\\/agenda\\\/tag-der-besichtigungen-vorbildlicher-gebaeude-schule-gymnasium-ausbildungszentrum-buerogebaeude\\\/\"]}]},{\"@type\":\"ImageObject\",\"inLanguage\":\"de\",\"@id\":\"https:\\\/\\\/wave-gr.eu\\\/de\\\/agenda\\\/tag-der-besichtigungen-vorbildlicher-gebaeude-schule-gymnasium-ausbildungszentrum-buerogebaeude\\\/#primaryimage\",\"url\":\"https:\\\/\\\/wave-gr.eu\\\/wp-content\\\/uploads\\\/2025\\\/09\\\/journee-technique-DE-9oct25.png\",\"contentUrl\":\"https:\\\/\\\/wave-gr.eu\\\/wp-content\\\/uploads\\\/2025\\\/09\\\/journee-technique-DE-9oct25.png\",\"width\":552,\"height\":786},{\"@type\":\"BreadcrumbList\",\"@id\":\"https:\\\/\\\/wave-gr.eu\\\/de\\\/agenda\\\/tag-der-besichtigungen-vorbildlicher-gebaeude-schule-gymnasium-ausbildungszentrum-buerogebaeude\\\/#breadcrumb\",\"itemListElement\":[{\"@type\":\"ListItem\",\"position\":1,\"name\":\"Home\",\"item\":\"https:\\\/\\\/wave-gr.eu\\\/de\\\/\"},{\"@type\":\"ListItem\",\"position\":2,\"name\":\"Tage der Besichtigungen vorbildlicher Geb\u00e4ude: Schule, Gymnasium, Ausbildungszentrum, B\u00fcrogeb\u00e4ude\"}]},{\"@type\":\"WebSite\",\"@id\":\"https:\\\/\\\/wave-gr.eu\\\/de\\\/#website\",\"url\":\"https:\\\/\\\/wave-gr.eu\\\/de\\\/\",\"name\":\"Projet INTERREG GR W.A.V.E.\",\"description\":\"\",\"publisher\":{\"@id\":\"https:\\\/\\\/wave-gr.eu\\\/de\\\/#organization\"},\"potentialAction\":[{\"@type\":\"SearchAction\",\"target\":{\"@type\":\"EntryPoint\",\"urlTemplate\":\"https:\\\/\\\/wave-gr.eu\\\/de\\\/?s={search_term_string}\"},\"query-input\":{\"@type\":\"PropertyValueSpecification\",\"valueRequired\":true,\"valueName\":\"search_term_string\"}}],\"inLanguage\":\"de\"},{\"@type\":\"Organization\",\"@id\":\"https:\\\/\\\/wave-gr.eu\\\/de\\\/#organization\",\"name\":\"Projet INTERREG GR W.A.V.E.\",\"url\":\"https:\\\/\\\/wave-gr.eu\\\/de\\\/\",\"logo\":{\"@type\":\"ImageObject\",\"inLanguage\":\"de\",\"@id\":\"https:\\\/\\\/wave-gr.eu\\\/de\\\/#\\\/schema\\\/logo\\\/image\\\/\",\"url\":\"https:\\\/\\\/wave-gr.eu\\\/wp-content\\\/uploads\\\/2024\\\/10\\\/cropped-Groupe-3964.png\",\"contentUrl\":\"https:\\\/\\\/wave-gr.eu\\\/wp-content\\\/uploads\\\/2024\\\/10\\\/cropped-Groupe-3964.png\",\"width\":512,\"height\":512,\"caption\":\"Projet INTERREG GR W.A.V.E.\"},\"image\":{\"@id\":\"https:\\\/\\\/wave-gr.eu\\\/de\\\/#\\\/schema\\\/logo\\\/image\\\/\"}}]}<\/script>\n<!-- \/ Yoast SEO plugin. -->","yoast_head_json":{"title":"Tage der Besichtigungen vorbildlicher Geb\u00e4ude: Schule, Gymnasium, Ausbildungszentrum, B\u00fcrogeb\u00e4ude - Projet INTERREG GR W.A.V.E.","robots":{"index":"index","follow":"follow","max-snippet":"max-snippet:-1","max-image-preview":"max-image-preview:large","max-video-preview":"max-video-preview:-1"},"canonical":"https:\/\/wave-gr.eu\/de\/agenda\/tag-der-besichtigungen-vorbildlicher-gebaeude-schule-gymnasium-ausbildungszentrum-buerogebaeude\/","og_locale":"de_DE","og_type":"article","og_title":"Tage der Besichtigungen vorbildlicher Geb\u00e4ude: Schule, Gymnasium, Ausbildungszentrum, B\u00fcrogeb\u00e4ude - Projet INTERREG GR W.A.V.E.","og_description":"Zwei Termine : 07.10.2025 oder 09.10.2025 An diesem Tag werden vorbildliche \u00f6ffentliche Projekte aus dem gesamten Hennegau vorgestellt, die das Potenzial von Holz in verschiedenen Kontexten veranschaulichen: Ein Programm Eine Anmeldung: hier entlang bitte eine Organisation von Ligne Bois","og_url":"https:\/\/wave-gr.eu\/de\/agenda\/tag-der-besichtigungen-vorbildlicher-gebaeude-schule-gymnasium-ausbildungszentrum-buerogebaeude\/","og_site_name":"Projet INTERREG GR W.A.V.E.","article_modified_time":"2025-09-25T11:55:00+00:00","og_image":[{"width":552,"height":786,"url":"https:\/\/wave-gr.eu\/wp-content\/uploads\/2025\/09\/journee-technique-DE-9oct25.png","type":"image\/png"}],"twitter_card":"summary_large_image","twitter_misc":{"Gesch\u00e4tzte Lesezeit":"1\u00a0Minute"},"schema":{"@context":"https:\/\/schema.org","@graph":[{"@type":"WebPage","@id":"https:\/\/wave-gr.eu\/de\/agenda\/tag-der-besichtigungen-vorbildlicher-gebaeude-schule-gymnasium-ausbildungszentrum-buerogebaeude\/","url":"https:\/\/wave-gr.eu\/de\/agenda\/tag-der-besichtigungen-vorbildlicher-gebaeude-schule-gymnasium-ausbildungszentrum-buerogebaeude\/","name":"Tage der Besichtigungen vorbildlicher Geb\u00e4ude: Schule, Gymnasium, Ausbildungszentrum, B\u00fcrogeb\u00e4ude - Projet INTERREG GR W.A.V.E.","isPartOf":{"@id":"https:\/\/wave-gr.eu\/de\/#website"},"primaryImageOfPage":{"@id":"https:\/\/wave-gr.eu\/de\/agenda\/tag-der-besichtigungen-vorbildlicher-gebaeude-schule-gymnasium-ausbildungszentrum-buerogebaeude\/#primaryimage"},"image":{"@id":"https:\/\/wave-gr.eu\/de\/agenda\/tag-der-besichtigungen-vorbildlicher-gebaeude-schule-gymnasium-ausbildungszentrum-buerogebaeude\/#primaryimage"},"thumbnailUrl":"https:\/\/wave-gr.eu\/wp-content\/uploads\/2025\/09\/journee-technique-DE-9oct25.png","datePublished":"2025-09-09T10:07:13+00:00","dateModified":"2025-09-25T11:55:00+00:00","breadcrumb":{"@id":"https:\/\/wave-gr.eu\/de\/agenda\/tag-der-besichtigungen-vorbildlicher-gebaeude-schule-gymnasium-ausbildungszentrum-buerogebaeude\/#breadcrumb"},"inLanguage":"de","potentialAction":[{"@type":"ReadAction","target":["https:\/\/wave-gr.eu\/de\/agenda\/tag-der-besichtigungen-vorbildlicher-gebaeude-schule-gymnasium-ausbildungszentrum-buerogebaeude\/"]}]},{"@type":"ImageObject","inLanguage":"de","@id":"https:\/\/wave-gr.eu\/de\/agenda\/tag-der-besichtigungen-vorbildlicher-gebaeude-schule-gymnasium-ausbildungszentrum-buerogebaeude\/#primaryimage","url":"https:\/\/wave-gr.eu\/wp-content\/uploads\/2025\/09\/journee-technique-DE-9oct25.png","contentUrl":"https:\/\/wave-gr.eu\/wp-content\/uploads\/2025\/09\/journee-technique-DE-9oct25.png","width":552,"height":786},{"@type":"BreadcrumbList","@id":"https:\/\/wave-gr.eu\/de\/agenda\/tag-der-besichtigungen-vorbildlicher-gebaeude-schule-gymnasium-ausbildungszentrum-buerogebaeude\/#breadcrumb","itemListElement":[{"@type":"ListItem","position":1,"name":"Home","item":"https:\/\/wave-gr.eu\/de\/"},{"@type":"ListItem","position":2,"name":"Tage der Besichtigungen vorbildlicher Geb\u00e4ude: Schule, Gymnasium, Ausbildungszentrum, B\u00fcrogeb\u00e4ude"}]},{"@type":"WebSite","@id":"https:\/\/wave-gr.eu\/de\/#website","url":"https:\/\/wave-gr.eu\/de\/","name":"Projet INTERREG GR W.A.V.E.","description":"","publisher":{"@id":"https:\/\/wave-gr.eu\/de\/#organization"},"potentialAction":[{"@type":"SearchAction","target":{"@type":"EntryPoint","urlTemplate":"https:\/\/wave-gr.eu\/de\/?s={search_term_string}"},"query-input":{"@type":"PropertyValueSpecification","valueRequired":true,"valueName":"search_term_string"}}],"inLanguage":"de"},{"@type":"Organization","@id":"https:\/\/wave-gr.eu\/de\/#organization","name":"Projet INTERREG GR W.A.V.E.","url":"https:\/\/wave-gr.eu\/de\/","logo":{"@type":"ImageObject","inLanguage":"de","@id":"https:\/\/wave-gr.eu\/de\/#\/schema\/logo\/image\/","url":"https:\/\/wave-gr.eu\/wp-content\/uploads\/2024\/10\/cropped-Groupe-3964.png","contentUrl":"https:\/\/wave-gr.eu\/wp-content\/uploads\/2024\/10\/cropped-Groupe-3964.png","width":512,"height":512,"caption":"Projet INTERREG GR W.A.V.E."},"image":{"@id":"https:\/\/wave-gr.eu\/de\/#\/schema\/logo\/image\/"}}]}},"_links":{"self":[{"href":"https:\/\/wave-gr.eu\/de\/wp-json\/wp\/v2\/agenda\/2599","targetHints":{"allow":["GET"]}}],"collection":[{"href":"https:\/\/wave-gr.eu\/de\/wp-json\/wp\/v2\/agenda"}],"about":[{"href":"https:\/\/wave-gr.eu\/de\/wp-json\/wp\/v2\/types\/agenda"}],"wp:featuredmedia":[{"embeddable":true,"href":"https:\/\/wave-gr.eu\/de\/wp-json\/wp\/v2\/media\/2600"}],"wp:attachment":[{"href":"https:\/\/wave-gr.eu\/de\/wp-json\/wp\/v2\/media?parent=2599"}],"curies":[{"name":"wp","href":"https:\/\/api.w.org\/{rel}","templated":true}]}}