{"id":2549,"date":"2025-08-05T12:27:02","date_gmt":"2025-08-05T10:27:02","guid":{"rendered":"https:\/\/wave-gr.eu\/?post_type=agenda&#038;p=2549"},"modified":"2025-08-05T12:27:03","modified_gmt":"2025-08-05T10:27:03","slug":"smart-forest-wenn-die-technologie-ueber-den-waeldern-schwebt-immersives-event","status":"publish","type":"agenda","link":"https:\/\/wave-gr.eu\/de\/agenda\/smart-forest-wenn-die-technologie-ueber-den-waeldern-schwebt-immersives-event\/","title":{"rendered":"Smart Forest: Wenn die Technologie \u00fcber den W\u00e4ldern schwebt &#8211; Immersives Event"},"content":{"rendered":"\n<p>Wir freuen uns, Sie zu einer neuartigen Veranstaltung im Herzen des Waldes von Ellergronn in Esch-sur-Alzette einladen zu k\u00f6nnen, bei der es um die digitale Transformation der Forstwirtschaft, die R\u00fcckverfolgbarkeit des Holzes und die Innovation in unseren W\u00e4ldern geht.<\/p>\n\n\n\n<p>In einer Zeit, in der die Gesundheit der W\u00e4lder in einem besonders besorgniserregenden Zustand ist und die Nachfrage nach lokalen und qualitativ hochwertigen Holzvorkommen f\u00fcr den Bau w\u00e4chst, stellt sich die Frage: Wie k\u00f6nnte eine bessere Kenntnis unserer W\u00e4lder uns dabei helfen, die klimatischen Herausforderungen zu meistern?<\/p>\n\n\n\n<p>Wir laden Sie ein, <strong>am Mittwoch, den 17. September, von 10:00 bis 12:30 Uhr<\/strong>, an dieser immersiven Veranstaltung im Rahmen des <strong>Interreg-Projekts W.A.V.E. <\/strong>teilzunehmen. Das Projekt zielt darauf ab, die Wertsch\u00f6pfungskette f\u00fcr Nutzholz in der Gro\u00dfregion zu st\u00e4rken. Entdecken Sie die Forstwirtschaft der neuen Generation: vorbeugende Bewirtschaftung, Sch\u00e4tzung des gespeicherten Kohlenstoffs, R\u00fcckverfolgbarkeit, Wartung, P\u00e4dagogik&#8230;<\/p>\n\n\n\n<p>Das Projekt W.A.V.E. wird von der Europ\u00e4ischen Union im Rahmen des Programms Interreg Gro\u00dfregion 2021-2027 unterst\u00fctzt.<\/p>\n\n\n\n<p><strong>Auf dem Programm stehen:<\/strong><\/p>\n\n\n\n<ul class=\"wp-block-list\">\n<li>Pr\u00e4sentationen (ANF, Luxinnovation, W.A.V.E., SpaceTime)<\/li>\n\n\n\n<li>Felddemonstrationen: <strong>Drohnenfl\u00fcge, Datenerfassung, Visualisierung des Waldes in Echtzeit<\/strong><\/li>\n\n\n\n<li>Zeit zum Austausch<\/li>\n<\/ul>\n\n\n\n<p>Sind Sie \u2013 direkt oder indirekt \u2013 von den Themen Forstwirtschaft und Innovation betroffen? <\/p>\n\n\n\n<p><a href=\"https:\/\/events.luxinnovation.lu\/smart-forest-event-2025?utm_campaign=Smart%20Forest%20Event%202025%20-%20FR&amp;utm_source=Emailing&amp;utm_medium=CTA&amp;utm_content=Register\">Dann sichern Sie sich jetzt Ihren Platz<\/a>! <strong>Die Teilnehmerzahl ist auf 40 Personen begrenzt<\/strong><\/p>\n\n\n\n<p>Beteiligte Partner : Luxinnovation, SpaceTime und Universit\u00e9 de Li\u00e8ge <\/p>\n","protected":false},"featured_media":2553,"template":"","class_list":["post-2549","agenda","type-agenda","status-publish","has-post-thumbnail","hentry"],"acf":[],"yoast_head":"<!-- This site is optimized with the Yoast SEO plugin v27.3 - https:\/\/yoast.com\/product\/yoast-seo-wordpress\/ -->\n<title>Smart Forest: Wenn die Technologie \u00fcber den W\u00e4ldern schwebt - Immersives Event - Projet INTERREG GR W.A.V.E.<\/title>\n<meta name=\"robots\" content=\"index, follow, max-snippet:-1, max-image-preview:large, max-video-preview:-1\" \/>\n<link rel=\"canonical\" href=\"https:\/\/wave-gr.eu\/de\/agenda\/smart-forest-wenn-die-technologie-ueber-den-waeldern-schwebt-immersives-event\/\" \/>\n<meta property=\"og:locale\" content=\"de_DE\" \/>\n<meta property=\"og:type\" content=\"article\" \/>\n<meta property=\"og:title\" content=\"Smart Forest: Wenn die Technologie \u00fcber den W\u00e4ldern schwebt - Immersives Event - Projet INTERREG GR W.A.V.E.\" \/>\n<meta property=\"og:description\" content=\"Wir freuen uns, Sie zu einer neuartigen Veranstaltung im Herzen des Waldes von Ellergronn in Esch-sur-Alzette einladen zu k\u00f6nnen, bei der es um die digitale Transformation der Forstwirtschaft, die R\u00fcckverfolgbarkeit des Holzes und die Innovation in unseren W\u00e4ldern geht. In einer Zeit, in der die Gesundheit der W\u00e4lder in einem besonders besorgniserregenden Zustand ist und [&hellip;]\" \/>\n<meta property=\"og:url\" content=\"https:\/\/wave-gr.eu\/de\/agenda\/smart-forest-wenn-die-technologie-ueber-den-waeldern-schwebt-immersives-event\/\" \/>\n<meta property=\"og:site_name\" content=\"Projet INTERREG GR W.A.V.E.\" \/>\n<meta property=\"article:modified_time\" content=\"2025-08-05T10:27:03+00:00\" \/>\n<meta property=\"og:image\" content=\"https:\/\/wave-gr.eu\/wp-content\/uploads\/2025\/08\/post-smart-forest-170925.de_-1.jpg\" \/>\n\t<meta property=\"og:image:width\" content=\"1280\" \/>\n\t<meta property=\"og:image:height\" content=\"720\" \/>\n\t<meta property=\"og:image:type\" content=\"image\/jpeg\" \/>\n<meta name=\"twitter:card\" content=\"summary_large_image\" \/>\n<meta name=\"twitter:label1\" content=\"Gesch\u00e4tzte Lesezeit\" \/>\n\t<meta name=\"twitter:data1\" content=\"2\u00a0Minuten\" \/>\n<script type=\"application\/ld+json\" class=\"yoast-schema-graph\">{\"@context\":\"https:\\\/\\\/schema.org\",\"@graph\":[{\"@type\":\"WebPage\",\"@id\":\"https:\\\/\\\/wave-gr.eu\\\/de\\\/agenda\\\/smart-forest-wenn-die-technologie-ueber-den-waeldern-schwebt-immersives-event\\\/\",\"url\":\"https:\\\/\\\/wave-gr.eu\\\/de\\\/agenda\\\/smart-forest-wenn-die-technologie-ueber-den-waeldern-schwebt-immersives-event\\\/\",\"name\":\"Smart Forest: Wenn die Technologie \u00fcber den W\u00e4ldern schwebt - Immersives Event - Projet INTERREG GR W.A.V.E.\",\"isPartOf\":{\"@id\":\"https:\\\/\\\/wave-gr.eu\\\/de\\\/#website\"},\"primaryImageOfPage\":{\"@id\":\"https:\\\/\\\/wave-gr.eu\\\/de\\\/agenda\\\/smart-forest-wenn-die-technologie-ueber-den-waeldern-schwebt-immersives-event\\\/#primaryimage\"},\"image\":{\"@id\":\"https:\\\/\\\/wave-gr.eu\\\/de\\\/agenda\\\/smart-forest-wenn-die-technologie-ueber-den-waeldern-schwebt-immersives-event\\\/#primaryimage\"},\"thumbnailUrl\":\"https:\\\/\\\/wave-gr.eu\\\/wp-content\\\/uploads\\\/2025\\\/08\\\/post-smart-forest-170925.de_-1.jpg\",\"datePublished\":\"2025-08-05T10:27:02+00:00\",\"dateModified\":\"2025-08-05T10:27:03+00:00\",\"breadcrumb\":{\"@id\":\"https:\\\/\\\/wave-gr.eu\\\/de\\\/agenda\\\/smart-forest-wenn-die-technologie-ueber-den-waeldern-schwebt-immersives-event\\\/#breadcrumb\"},\"inLanguage\":\"de\",\"potentialAction\":[{\"@type\":\"ReadAction\",\"target\":[\"https:\\\/\\\/wave-gr.eu\\\/de\\\/agenda\\\/smart-forest-wenn-die-technologie-ueber-den-waeldern-schwebt-immersives-event\\\/\"]}]},{\"@type\":\"ImageObject\",\"inLanguage\":\"de\",\"@id\":\"https:\\\/\\\/wave-gr.eu\\\/de\\\/agenda\\\/smart-forest-wenn-die-technologie-ueber-den-waeldern-schwebt-immersives-event\\\/#primaryimage\",\"url\":\"https:\\\/\\\/wave-gr.eu\\\/wp-content\\\/uploads\\\/2025\\\/08\\\/post-smart-forest-170925.de_-1.jpg\",\"contentUrl\":\"https:\\\/\\\/wave-gr.eu\\\/wp-content\\\/uploads\\\/2025\\\/08\\\/post-smart-forest-170925.de_-1.jpg\",\"width\":1280,\"height\":720},{\"@type\":\"BreadcrumbList\",\"@id\":\"https:\\\/\\\/wave-gr.eu\\\/de\\\/agenda\\\/smart-forest-wenn-die-technologie-ueber-den-waeldern-schwebt-immersives-event\\\/#breadcrumb\",\"itemListElement\":[{\"@type\":\"ListItem\",\"position\":1,\"name\":\"Home\",\"item\":\"https:\\\/\\\/wave-gr.eu\\\/de\\\/\"},{\"@type\":\"ListItem\",\"position\":2,\"name\":\"Smart Forest: Wenn die Technologie \u00fcber den W\u00e4ldern schwebt &#8211; Immersives Event\"}]},{\"@type\":\"WebSite\",\"@id\":\"https:\\\/\\\/wave-gr.eu\\\/de\\\/#website\",\"url\":\"https:\\\/\\\/wave-gr.eu\\\/de\\\/\",\"name\":\"Projet INTERREG GR W.A.V.E.\",\"description\":\"\",\"publisher\":{\"@id\":\"https:\\\/\\\/wave-gr.eu\\\/de\\\/#organization\"},\"potentialAction\":[{\"@type\":\"SearchAction\",\"target\":{\"@type\":\"EntryPoint\",\"urlTemplate\":\"https:\\\/\\\/wave-gr.eu\\\/de\\\/?s={search_term_string}\"},\"query-input\":{\"@type\":\"PropertyValueSpecification\",\"valueRequired\":true,\"valueName\":\"search_term_string\"}}],\"inLanguage\":\"de\"},{\"@type\":\"Organization\",\"@id\":\"https:\\\/\\\/wave-gr.eu\\\/de\\\/#organization\",\"name\":\"Projet INTERREG GR W.A.V.E.\",\"url\":\"https:\\\/\\\/wave-gr.eu\\\/de\\\/\",\"logo\":{\"@type\":\"ImageObject\",\"inLanguage\":\"de\",\"@id\":\"https:\\\/\\\/wave-gr.eu\\\/de\\\/#\\\/schema\\\/logo\\\/image\\\/\",\"url\":\"https:\\\/\\\/wave-gr.eu\\\/wp-content\\\/uploads\\\/2024\\\/10\\\/cropped-Groupe-3964.png\",\"contentUrl\":\"https:\\\/\\\/wave-gr.eu\\\/wp-content\\\/uploads\\\/2024\\\/10\\\/cropped-Groupe-3964.png\",\"width\":512,\"height\":512,\"caption\":\"Projet INTERREG GR W.A.V.E.\"},\"image\":{\"@id\":\"https:\\\/\\\/wave-gr.eu\\\/de\\\/#\\\/schema\\\/logo\\\/image\\\/\"}}]}<\/script>\n<!-- \/ Yoast SEO plugin. -->","yoast_head_json":{"title":"Smart Forest: Wenn die Technologie \u00fcber den W\u00e4ldern schwebt - Immersives Event - Projet INTERREG GR W.A.V.E.","robots":{"index":"index","follow":"follow","max-snippet":"max-snippet:-1","max-image-preview":"max-image-preview:large","max-video-preview":"max-video-preview:-1"},"canonical":"https:\/\/wave-gr.eu\/de\/agenda\/smart-forest-wenn-die-technologie-ueber-den-waeldern-schwebt-immersives-event\/","og_locale":"de_DE","og_type":"article","og_title":"Smart Forest: Wenn die Technologie \u00fcber den W\u00e4ldern schwebt - Immersives Event - Projet INTERREG GR W.A.V.E.","og_description":"Wir freuen uns, Sie zu einer neuartigen Veranstaltung im Herzen des Waldes von Ellergronn in Esch-sur-Alzette einladen zu k\u00f6nnen, bei der es um die digitale Transformation der Forstwirtschaft, die R\u00fcckverfolgbarkeit des Holzes und die Innovation in unseren W\u00e4ldern geht. In einer Zeit, in der die Gesundheit der W\u00e4lder in einem besonders besorgniserregenden Zustand ist und [&hellip;]","og_url":"https:\/\/wave-gr.eu\/de\/agenda\/smart-forest-wenn-die-technologie-ueber-den-waeldern-schwebt-immersives-event\/","og_site_name":"Projet INTERREG GR W.A.V.E.","article_modified_time":"2025-08-05T10:27:03+00:00","og_image":[{"width":1280,"height":720,"url":"https:\/\/wave-gr.eu\/wp-content\/uploads\/2025\/08\/post-smart-forest-170925.de_-1.jpg","type":"image\/jpeg"}],"twitter_card":"summary_large_image","twitter_misc":{"Gesch\u00e4tzte Lesezeit":"2\u00a0Minuten"},"schema":{"@context":"https:\/\/schema.org","@graph":[{"@type":"WebPage","@id":"https:\/\/wave-gr.eu\/de\/agenda\/smart-forest-wenn-die-technologie-ueber-den-waeldern-schwebt-immersives-event\/","url":"https:\/\/wave-gr.eu\/de\/agenda\/smart-forest-wenn-die-technologie-ueber-den-waeldern-schwebt-immersives-event\/","name":"Smart Forest: Wenn die Technologie \u00fcber den W\u00e4ldern schwebt - Immersives Event - Projet INTERREG GR W.A.V.E.","isPartOf":{"@id":"https:\/\/wave-gr.eu\/de\/#website"},"primaryImageOfPage":{"@id":"https:\/\/wave-gr.eu\/de\/agenda\/smart-forest-wenn-die-technologie-ueber-den-waeldern-schwebt-immersives-event\/#primaryimage"},"image":{"@id":"https:\/\/wave-gr.eu\/de\/agenda\/smart-forest-wenn-die-technologie-ueber-den-waeldern-schwebt-immersives-event\/#primaryimage"},"thumbnailUrl":"https:\/\/wave-gr.eu\/wp-content\/uploads\/2025\/08\/post-smart-forest-170925.de_-1.jpg","datePublished":"2025-08-05T10:27:02+00:00","dateModified":"2025-08-05T10:27:03+00:00","breadcrumb":{"@id":"https:\/\/wave-gr.eu\/de\/agenda\/smart-forest-wenn-die-technologie-ueber-den-waeldern-schwebt-immersives-event\/#breadcrumb"},"inLanguage":"de","potentialAction":[{"@type":"ReadAction","target":["https:\/\/wave-gr.eu\/de\/agenda\/smart-forest-wenn-die-technologie-ueber-den-waeldern-schwebt-immersives-event\/"]}]},{"@type":"ImageObject","inLanguage":"de","@id":"https:\/\/wave-gr.eu\/de\/agenda\/smart-forest-wenn-die-technologie-ueber-den-waeldern-schwebt-immersives-event\/#primaryimage","url":"https:\/\/wave-gr.eu\/wp-content\/uploads\/2025\/08\/post-smart-forest-170925.de_-1.jpg","contentUrl":"https:\/\/wave-gr.eu\/wp-content\/uploads\/2025\/08\/post-smart-forest-170925.de_-1.jpg","width":1280,"height":720},{"@type":"BreadcrumbList","@id":"https:\/\/wave-gr.eu\/de\/agenda\/smart-forest-wenn-die-technologie-ueber-den-waeldern-schwebt-immersives-event\/#breadcrumb","itemListElement":[{"@type":"ListItem","position":1,"name":"Home","item":"https:\/\/wave-gr.eu\/de\/"},{"@type":"ListItem","position":2,"name":"Smart Forest: Wenn die Technologie \u00fcber den W\u00e4ldern schwebt &#8211; Immersives Event"}]},{"@type":"WebSite","@id":"https:\/\/wave-gr.eu\/de\/#website","url":"https:\/\/wave-gr.eu\/de\/","name":"Projet INTERREG GR W.A.V.E.","description":"","publisher":{"@id":"https:\/\/wave-gr.eu\/de\/#organization"},"potentialAction":[{"@type":"SearchAction","target":{"@type":"EntryPoint","urlTemplate":"https:\/\/wave-gr.eu\/de\/?s={search_term_string}"},"query-input":{"@type":"PropertyValueSpecification","valueRequired":true,"valueName":"search_term_string"}}],"inLanguage":"de"},{"@type":"Organization","@id":"https:\/\/wave-gr.eu\/de\/#organization","name":"Projet INTERREG GR W.A.V.E.","url":"https:\/\/wave-gr.eu\/de\/","logo":{"@type":"ImageObject","inLanguage":"de","@id":"https:\/\/wave-gr.eu\/de\/#\/schema\/logo\/image\/","url":"https:\/\/wave-gr.eu\/wp-content\/uploads\/2024\/10\/cropped-Groupe-3964.png","contentUrl":"https:\/\/wave-gr.eu\/wp-content\/uploads\/2024\/10\/cropped-Groupe-3964.png","width":512,"height":512,"caption":"Projet INTERREG GR W.A.V.E."},"image":{"@id":"https:\/\/wave-gr.eu\/de\/#\/schema\/logo\/image\/"}}]}},"_links":{"self":[{"href":"https:\/\/wave-gr.eu\/de\/wp-json\/wp\/v2\/agenda\/2549","targetHints":{"allow":["GET"]}}],"collection":[{"href":"https:\/\/wave-gr.eu\/de\/wp-json\/wp\/v2\/agenda"}],"about":[{"href":"https:\/\/wave-gr.eu\/de\/wp-json\/wp\/v2\/types\/agenda"}],"wp:featuredmedia":[{"embeddable":true,"href":"https:\/\/wave-gr.eu\/de\/wp-json\/wp\/v2\/media\/2553"}],"wp:attachment":[{"href":"https:\/\/wave-gr.eu\/de\/wp-json\/wp\/v2\/media?parent=2549"}],"curies":[{"name":"wp","href":"https:\/\/api.w.org\/{rel}","templated":true}]}}