{"id":2314,"date":"2025-03-18T15:32:53","date_gmt":"2025-03-18T14:32:53","guid":{"rendered":"https:\/\/wave-gr.eu\/agenda\/29-april-2025-hackathon-die-zukunft-der-sanierung-und-des-nachhaltigen-bauens-w-a-v-e-und-twin4resilience-saarbruecken\/"},"modified":"2025-03-18T15:40:50","modified_gmt":"2025-03-18T14:40:50","slug":"29-april-2025-hackathon-die-zukunft-der-sanierung-und-des-nachhaltigen-bauens-w-a-v-e-und-twin4resilience-saarbruecken","status":"publish","type":"agenda","link":"https:\/\/wave-gr.eu\/de\/agenda\/29-april-2025-hackathon-die-zukunft-der-sanierung-und-des-nachhaltigen-bauens-w-a-v-e-und-twin4resilience-saarbruecken\/","title":{"rendered":"29. April 2025 &#8211; Hackathon \u201eDie Zukunft der Sanierung und des nachhaltigen Bauens\u201c, W.A.V.E. und Twin4Resilience &#8211; Saarbr\u00fccken"},"content":{"rendered":"\n<p><strong>5 Stunden f\u00fcr 5 Challenges !<\/strong><\/p>\n\n<p>Unter dem Motto <strong>\u201cZukunft des Weiterbauens und Sanierens\u201d<\/strong> veranstalten <strong>W.A.V.E.<\/strong> und <strong>Twin4Resilience<\/strong> am <strong>29. April 2025 einen Hackathon<\/strong>.<\/p>\n\n<h3 class=\"wp-block-heading\"><strong>Unser Thema:<\/strong><\/h3>\n\n<p>wir l\u00f6sen <strong>digital, kooperativ und nachhaltig Herausforderungen<\/strong> zum Thema Bauen und Sanieren.<\/p>\n\n<p>Es ist Zeit, energetisch zu sanieren und ressourcenschonend zu bauen. Angesichts des Klimawandels und der begrenzten nat\u00fcrlichen Ressourcen ist es wichtig, bestehende Geb\u00e4ude effizienter zu machen und neue Bauprojekte nachhaltig zu gestalten. Durch energieeffiziente Sanierungen k\u00f6nnen wir den CO\u2082-Aussto\u00df erheblich reduzieren, langfristig Betriebskosten senken und unseren \u00f6kologischen Fu\u00dfabdruck verringern.  <\/p>\n\n<p>In Zusammenarbeit mit verschiedenen Gewerken, unterst\u00fctzt von Experten und Coaches, m\u00f6chten wir die Herausforderungen von realen Akteuren der Branche l\u00f6sen.<\/p>\n\n<p>Dazu laden <strong>K8<\/strong>, die <strong>Dienstleistungsgesellschaft des AGV Bau Saar<\/strong> und <strong>IZES gGmbH<\/strong> zum <strong>Hackathon in den co:hub66 in Saarbr\u00fccken<\/strong> ein. Mit unserer Kooperation innerhalb der <strong>Interreg<\/strong>-gef\u00f6rderten Projekte, zielen wir auf eine grenz\u00fcberschreitende und regionale Zusammenarbeit ab &#8211; <strong>Resilienz, Partizipation, neue Technologien und Nachhaltigkeit sind dabei unsere Kernthemen.<\/strong> <\/p>\n\n<p>Wir arbeiten gemeinsam an Ver\u00e4nderungen f\u00fcr die Zukunft &#8211; nicht nur aus der Notwendigkeit zum Umweltschutz, sondern auch als <strong>Chance f\u00fcr Innovation, Kostensenkung und der Erschlie\u00dfung neuer M\u00e4rkte im Bauwesen.<\/strong><\/p>\n\n<p>Weitere Informationen:<\/p>\n\n<div data-wp-interactive=\"core\/file\" class=\"wp-block-file\"><object data-wp-bind--hidden=\"!state.hasPdfPreview\" hidden class=\"wp-block-file__embed\" data=\"https:\/\/wave-gr.eu\/wp-content\/uploads\/2025\/03\/Save-the-Date_2025_04_29-Hackathon-5-x-5.pdf\" type=\"application\/pdf\" style=\"width:100%;height:600px\" aria-label=\"Einbettung von Save the Date_2025_04_29 Hackathon 5 x 5.\"><\/object><a id=\"wp-block-file--media-ce88296c-c65d-43d8-9a85-ba92bb0a73dc\" href=\"https:\/\/wave-gr.eu\/wp-content\/uploads\/2025\/03\/Save-the-Date_2025_04_29-Hackathon-5-x-5.pdf\">Save the Date_2025_04_29 Hackathon 5 x 5<\/a><a href=\"https:\/\/wave-gr.eu\/wp-content\/uploads\/2025\/03\/Save-the-Date_2025_04_29-Hackathon-5-x-5.pdf\" class=\"wp-block-file__button wp-element-button\" download=\"\" aria-describedby=\"wp-block-file--media-ce88296c-c65d-43d8-9a85-ba92bb0a73dc\">Herunterladen<\/a><\/div>\n\n<p><\/p>\n","protected":false},"featured_media":0,"template":"","class_list":["post-2314","agenda","type-agenda","status-publish","hentry"],"acf":[],"yoast_head":"<!-- This site is optimized with the Yoast SEO plugin v27.3 - https:\/\/yoast.com\/product\/yoast-seo-wordpress\/ -->\n<title>29. April 2025 - Hackathon \u201eDie Zukunft der Sanierung und des nachhaltigen Bauens\u201c, W.A.V.E. und Twin4Resilience - Saarbr\u00fccken - Projet INTERREG GR W.A.V.E.<\/title>\n<meta name=\"robots\" content=\"index, follow, max-snippet:-1, max-image-preview:large, max-video-preview:-1\" \/>\n<link rel=\"canonical\" href=\"https:\/\/wave-gr.eu\/de\/agenda\/29-april-2025-hackathon-die-zukunft-der-sanierung-und-des-nachhaltigen-bauens-w-a-v-e-und-twin4resilience-saarbruecken\/\" \/>\n<meta property=\"og:locale\" content=\"de_DE\" \/>\n<meta property=\"og:type\" content=\"article\" \/>\n<meta property=\"og:title\" content=\"29. April 2025 - Hackathon \u201eDie Zukunft der Sanierung und des nachhaltigen Bauens\u201c, W.A.V.E. und Twin4Resilience - Saarbr\u00fccken - Projet INTERREG GR W.A.V.E.\" \/>\n<meta property=\"og:description\" content=\"5 Stunden f\u00fcr 5 Challenges ! Unter dem Motto \u201cZukunft des Weiterbauens und Sanierens\u201d veranstalten W.A.V.E. und Twin4Resilience am 29. April 2025 einen Hackathon. Unser Thema: wir l\u00f6sen digital, kooperativ und nachhaltig Herausforderungen zum Thema Bauen und Sanieren. Es ist Zeit, energetisch zu sanieren und ressourcenschonend zu bauen. Angesichts des Klimawandels und der begrenzten nat\u00fcrlichen [&hellip;]\" \/>\n<meta property=\"og:url\" content=\"https:\/\/wave-gr.eu\/de\/agenda\/29-april-2025-hackathon-die-zukunft-der-sanierung-und-des-nachhaltigen-bauens-w-a-v-e-und-twin4resilience-saarbruecken\/\" \/>\n<meta property=\"og:site_name\" content=\"Projet INTERREG GR W.A.V.E.\" \/>\n<meta property=\"article:modified_time\" content=\"2025-03-18T14:40:50+00:00\" \/>\n<meta name=\"twitter:card\" content=\"summary_large_image\" \/>\n<meta name=\"twitter:label1\" content=\"Gesch\u00e4tzte Lesezeit\" \/>\n\t<meta name=\"twitter:data1\" content=\"1\u00a0Minute\" \/>\n<script type=\"application\/ld+json\" class=\"yoast-schema-graph\">{\"@context\":\"https:\\\/\\\/schema.org\",\"@graph\":[{\"@type\":\"WebPage\",\"@id\":\"https:\\\/\\\/wave-gr.eu\\\/de\\\/agenda\\\/29-april-2025-hackathon-die-zukunft-der-sanierung-und-des-nachhaltigen-bauens-w-a-v-e-und-twin4resilience-saarbruecken\\\/\",\"url\":\"https:\\\/\\\/wave-gr.eu\\\/de\\\/agenda\\\/29-april-2025-hackathon-die-zukunft-der-sanierung-und-des-nachhaltigen-bauens-w-a-v-e-und-twin4resilience-saarbruecken\\\/\",\"name\":\"29. April 2025 - Hackathon \u201eDie Zukunft der Sanierung und des nachhaltigen Bauens\u201c, W.A.V.E. und Twin4Resilience - Saarbr\u00fccken - Projet INTERREG GR W.A.V.E.\",\"isPartOf\":{\"@id\":\"https:\\\/\\\/wave-gr.eu\\\/de\\\/#website\"},\"datePublished\":\"2025-03-18T14:32:53+00:00\",\"dateModified\":\"2025-03-18T14:40:50+00:00\",\"breadcrumb\":{\"@id\":\"https:\\\/\\\/wave-gr.eu\\\/de\\\/agenda\\\/29-april-2025-hackathon-die-zukunft-der-sanierung-und-des-nachhaltigen-bauens-w-a-v-e-und-twin4resilience-saarbruecken\\\/#breadcrumb\"},\"inLanguage\":\"de\",\"potentialAction\":[{\"@type\":\"ReadAction\",\"target\":[\"https:\\\/\\\/wave-gr.eu\\\/de\\\/agenda\\\/29-april-2025-hackathon-die-zukunft-der-sanierung-und-des-nachhaltigen-bauens-w-a-v-e-und-twin4resilience-saarbruecken\\\/\"]}]},{\"@type\":\"BreadcrumbList\",\"@id\":\"https:\\\/\\\/wave-gr.eu\\\/de\\\/agenda\\\/29-april-2025-hackathon-die-zukunft-der-sanierung-und-des-nachhaltigen-bauens-w-a-v-e-und-twin4resilience-saarbruecken\\\/#breadcrumb\",\"itemListElement\":[{\"@type\":\"ListItem\",\"position\":1,\"name\":\"Home\",\"item\":\"https:\\\/\\\/wave-gr.eu\\\/de\\\/\"},{\"@type\":\"ListItem\",\"position\":2,\"name\":\"29. April 2025 &#8211; Hackathon \u201eDie Zukunft der Sanierung und des nachhaltigen Bauens\u201c, W.A.V.E. und Twin4Resilience &#8211; Saarbr\u00fccken\"}]},{\"@type\":\"WebSite\",\"@id\":\"https:\\\/\\\/wave-gr.eu\\\/de\\\/#website\",\"url\":\"https:\\\/\\\/wave-gr.eu\\\/de\\\/\",\"name\":\"Projet INTERREG GR W.A.V.E.\",\"description\":\"\",\"publisher\":{\"@id\":\"https:\\\/\\\/wave-gr.eu\\\/de\\\/#organization\"},\"potentialAction\":[{\"@type\":\"SearchAction\",\"target\":{\"@type\":\"EntryPoint\",\"urlTemplate\":\"https:\\\/\\\/wave-gr.eu\\\/de\\\/?s={search_term_string}\"},\"query-input\":{\"@type\":\"PropertyValueSpecification\",\"valueRequired\":true,\"valueName\":\"search_term_string\"}}],\"inLanguage\":\"de\"},{\"@type\":\"Organization\",\"@id\":\"https:\\\/\\\/wave-gr.eu\\\/de\\\/#organization\",\"name\":\"Projet INTERREG GR W.A.V.E.\",\"url\":\"https:\\\/\\\/wave-gr.eu\\\/de\\\/\",\"logo\":{\"@type\":\"ImageObject\",\"inLanguage\":\"de\",\"@id\":\"https:\\\/\\\/wave-gr.eu\\\/de\\\/#\\\/schema\\\/logo\\\/image\\\/\",\"url\":\"https:\\\/\\\/wave-gr.eu\\\/wp-content\\\/uploads\\\/2024\\\/10\\\/cropped-Groupe-3964.png\",\"contentUrl\":\"https:\\\/\\\/wave-gr.eu\\\/wp-content\\\/uploads\\\/2024\\\/10\\\/cropped-Groupe-3964.png\",\"width\":512,\"height\":512,\"caption\":\"Projet INTERREG GR W.A.V.E.\"},\"image\":{\"@id\":\"https:\\\/\\\/wave-gr.eu\\\/de\\\/#\\\/schema\\\/logo\\\/image\\\/\"}}]}<\/script>\n<!-- \/ Yoast SEO plugin. -->","yoast_head_json":{"title":"29. April 2025 - Hackathon \u201eDie Zukunft der Sanierung und des nachhaltigen Bauens\u201c, W.A.V.E. und Twin4Resilience - Saarbr\u00fccken - Projet INTERREG GR W.A.V.E.","robots":{"index":"index","follow":"follow","max-snippet":"max-snippet:-1","max-image-preview":"max-image-preview:large","max-video-preview":"max-video-preview:-1"},"canonical":"https:\/\/wave-gr.eu\/de\/agenda\/29-april-2025-hackathon-die-zukunft-der-sanierung-und-des-nachhaltigen-bauens-w-a-v-e-und-twin4resilience-saarbruecken\/","og_locale":"de_DE","og_type":"article","og_title":"29. April 2025 - Hackathon \u201eDie Zukunft der Sanierung und des nachhaltigen Bauens\u201c, W.A.V.E. und Twin4Resilience - Saarbr\u00fccken - Projet INTERREG GR W.A.V.E.","og_description":"5 Stunden f\u00fcr 5 Challenges ! Unter dem Motto \u201cZukunft des Weiterbauens und Sanierens\u201d veranstalten W.A.V.E. und Twin4Resilience am 29. April 2025 einen Hackathon. Unser Thema: wir l\u00f6sen digital, kooperativ und nachhaltig Herausforderungen zum Thema Bauen und Sanieren. Es ist Zeit, energetisch zu sanieren und ressourcenschonend zu bauen. Angesichts des Klimawandels und der begrenzten nat\u00fcrlichen [&hellip;]","og_url":"https:\/\/wave-gr.eu\/de\/agenda\/29-april-2025-hackathon-die-zukunft-der-sanierung-und-des-nachhaltigen-bauens-w-a-v-e-und-twin4resilience-saarbruecken\/","og_site_name":"Projet INTERREG GR W.A.V.E.","article_modified_time":"2025-03-18T14:40:50+00:00","twitter_card":"summary_large_image","twitter_misc":{"Gesch\u00e4tzte Lesezeit":"1\u00a0Minute"},"schema":{"@context":"https:\/\/schema.org","@graph":[{"@type":"WebPage","@id":"https:\/\/wave-gr.eu\/de\/agenda\/29-april-2025-hackathon-die-zukunft-der-sanierung-und-des-nachhaltigen-bauens-w-a-v-e-und-twin4resilience-saarbruecken\/","url":"https:\/\/wave-gr.eu\/de\/agenda\/29-april-2025-hackathon-die-zukunft-der-sanierung-und-des-nachhaltigen-bauens-w-a-v-e-und-twin4resilience-saarbruecken\/","name":"29. April 2025 - Hackathon \u201eDie Zukunft der Sanierung und des nachhaltigen Bauens\u201c, W.A.V.E. und Twin4Resilience - Saarbr\u00fccken - Projet INTERREG GR W.A.V.E.","isPartOf":{"@id":"https:\/\/wave-gr.eu\/de\/#website"},"datePublished":"2025-03-18T14:32:53+00:00","dateModified":"2025-03-18T14:40:50+00:00","breadcrumb":{"@id":"https:\/\/wave-gr.eu\/de\/agenda\/29-april-2025-hackathon-die-zukunft-der-sanierung-und-des-nachhaltigen-bauens-w-a-v-e-und-twin4resilience-saarbruecken\/#breadcrumb"},"inLanguage":"de","potentialAction":[{"@type":"ReadAction","target":["https:\/\/wave-gr.eu\/de\/agenda\/29-april-2025-hackathon-die-zukunft-der-sanierung-und-des-nachhaltigen-bauens-w-a-v-e-und-twin4resilience-saarbruecken\/"]}]},{"@type":"BreadcrumbList","@id":"https:\/\/wave-gr.eu\/de\/agenda\/29-april-2025-hackathon-die-zukunft-der-sanierung-und-des-nachhaltigen-bauens-w-a-v-e-und-twin4resilience-saarbruecken\/#breadcrumb","itemListElement":[{"@type":"ListItem","position":1,"name":"Home","item":"https:\/\/wave-gr.eu\/de\/"},{"@type":"ListItem","position":2,"name":"29. April 2025 &#8211; Hackathon \u201eDie Zukunft der Sanierung und des nachhaltigen Bauens\u201c, W.A.V.E. und Twin4Resilience &#8211; Saarbr\u00fccken"}]},{"@type":"WebSite","@id":"https:\/\/wave-gr.eu\/de\/#website","url":"https:\/\/wave-gr.eu\/de\/","name":"Projet INTERREG GR W.A.V.E.","description":"","publisher":{"@id":"https:\/\/wave-gr.eu\/de\/#organization"},"potentialAction":[{"@type":"SearchAction","target":{"@type":"EntryPoint","urlTemplate":"https:\/\/wave-gr.eu\/de\/?s={search_term_string}"},"query-input":{"@type":"PropertyValueSpecification","valueRequired":true,"valueName":"search_term_string"}}],"inLanguage":"de"},{"@type":"Organization","@id":"https:\/\/wave-gr.eu\/de\/#organization","name":"Projet INTERREG GR W.A.V.E.","url":"https:\/\/wave-gr.eu\/de\/","logo":{"@type":"ImageObject","inLanguage":"de","@id":"https:\/\/wave-gr.eu\/de\/#\/schema\/logo\/image\/","url":"https:\/\/wave-gr.eu\/wp-content\/uploads\/2024\/10\/cropped-Groupe-3964.png","contentUrl":"https:\/\/wave-gr.eu\/wp-content\/uploads\/2024\/10\/cropped-Groupe-3964.png","width":512,"height":512,"caption":"Projet INTERREG GR W.A.V.E."},"image":{"@id":"https:\/\/wave-gr.eu\/de\/#\/schema\/logo\/image\/"}}]}},"_links":{"self":[{"href":"https:\/\/wave-gr.eu\/de\/wp-json\/wp\/v2\/agenda\/2314","targetHints":{"allow":["GET"]}}],"collection":[{"href":"https:\/\/wave-gr.eu\/de\/wp-json\/wp\/v2\/agenda"}],"about":[{"href":"https:\/\/wave-gr.eu\/de\/wp-json\/wp\/v2\/types\/agenda"}],"wp:attachment":[{"href":"https:\/\/wave-gr.eu\/de\/wp-json\/wp\/v2\/media?parent=2314"}],"curies":[{"name":"wp","href":"https:\/\/api.w.org\/{rel}","templated":true}]}}