{"id":2182,"date":"2024-11-12T18:02:11","date_gmt":"2024-11-12T17:02:11","guid":{"rendered":"https:\/\/wave-gr.eu\/?post_type=agenda&#038;p=2182"},"modified":"2024-11-12T18:02:13","modified_gmt":"2024-11-12T17:02:13","slug":"4-bis-6-dezember-2024-eine-dreitaegige-studeireise-die-am-ramde-des-ihf-in-innsbruck-oesterreich","status":"publish","type":"agenda","link":"https:\/\/wave-gr.eu\/de\/agenda\/4-bis-6-dezember-2024-eine-dreitaegige-studeireise-die-am-ramde-des-ihf-in-innsbruck-oesterreich\/","title":{"rendered":"4. bis 6. Dezember 2024 &#8211; eine dreit\u00e4gige Studeireise die am Ramde des IHF in Innsbruck &#8211; \u00d6sterreich"},"content":{"rendered":"\n<p>Im Rahmen des <strong>Interreg-Projekts W.A.V.E.<\/strong> organisiert das <strong>Luxembourg Wood Cluster von Luxinnovation<\/strong> in Zusammenarbeit mit dem <strong>Ordre des Architectes et des Ing\u00e9nieurs-Conseils (OAI) Luxembourg<\/strong> und den belgischen und deutschen <strong>Projektpartnern der Gro\u00dfregion <\/strong>vom 4. bis 6. Dezember eine dreit\u00e4gige Studienreise, die am Rande des <strong>Internationalen Holzbau-Forums IHF in Innsbruck, \u00d6sterreich<\/strong>, stattfindet.<\/p>\n\n\n\n<p>W.A.V.E. ist ein von der EU finanziertes Innovationsprojekt in der Gro\u00dfregion, dessen Ziel es ist, die Entwicklung einer effizienten regionalen Holzindustrie zu unterst\u00fctzen, die auf der St\u00e4rkung der Wertsch\u00f6pfungskette und der verst\u00e4rkten Verwendung von Holz im nachhaltigen Bausektor basiert.&nbsp;<\/p>\n\n\n\n<p>Neben der Teilnahme am Forum am 5. Dezember (<a href=\"https:\/\/u20481299.ct.sendgrid.net\/ls\/click?upn=u001.I4fjMHctoR8Yk0z-2FUQ7vvo-2Br5GBc-2FdCXAAn4NDR-2BVMH1Go6Dor3tRobvBTmKhG05NbfA9bH9Ux-2F15h-2BI0ZRlntY5fgAR3BYhbN7Sx8bDFq5xd3QV-2Bt4uLWzzKwLfZlh6vtQJtRQk72nKdDZkjyhzAHLEgYZQuzSnHuzymG0CqKXsnIgYRPxn-2FyHShtVMVOg6GItlxs926bOgcgklxN2KRE5xXaGIh0oIB9-2FYCmcVSF43MnCyuOk7d7kkbOlQKszaVIsBypH-2FnW3iT8-2F9KeDR-2BQ7M50O-2BSXE7t5leEEwlI54-3D9Ubs_Ui321APFDyYj0OC31AJ7wUyVoDXZ5BYsIFUBUPfsOs9pzpe3aBOwRnqfp4q3WCuUADq8OaeAyC2bxsJl45yOKtHFKCldsXAP5as314DgFzWlPf5cuuwy7WIJI8cVvXM617BEFwa59yblQNSy3gfm5tEUi4tcMEIqUzAQz6-2BuYVWHGR9rc-2FO7L1guve9JjCMSPRvcnODnYzf5hzoLL5DHCw-3D-3D\">siehe Programm<\/a>) sieht diese Studienreise Besuche von au\u00dfergew\u00f6hnlichen Projekten im Bereich des innovativen Holzbaus vor, bei denen die M\u00f6glichkeiten, Herausforderungen und Chancen der innovativen Verwendung von Holz in der Bautechnik vorgestellt werden.\u00a0 Sie sind Architekt, Ingenieur, Bautr\u00e4ger oder Immobilienbetreiber? Sind Sie ein Unternehmen, das in der Holzwirtschaft t\u00e4tig ist? Dann ist diese Studienreise genau das Richtige f\u00fcr Sie!\u00a0<br><br><strong><a href=\"https:\/\/u20481299.ct.sendgrid.net\/ls\/click?upn=u001.I4fjMHctoR8Yk0z-2FUQ7vvo-2Br5GBc-2FdCXAAn4NDR-2BVMH1Go6Dor3tRobvBTmKhG05NbfA9bH9Ux-2F15h-2BI0ZRlntY5fgAR3BYhbN7Sx8bDFq6-2Ben08QEZ4SQrAwcabCokcF7BchTsF7IVryTUapAfxbEwyZ4MuW2Qk79bqf0V4jNW6vOKvaUKW9ZZhzcJnuy6O09lMA8j3Li0CqfwWmzNCkXpZZrqT4m1DCkGWlItDcdA4gmQBSfwAN7WE5gnHcHLaEleippjUuQC0MliHdKoy0brgRggX0LYnodWlqFp5MxU-3Di4Li_Ui321APFDyYj0OC31AJ7wUyVoDXZ5BYsIFUBUPfsOs9pzpe3aBOwRnqfp4q3WCuULbovb2U7oL1iC528elhGZj6g4ybYUxUYI2T00VZfk-2FIyWEsDpquptS95469AdgyKIezLdtgmlDxhaxGuKGrf4xEkOV43Ja5LySwZfgnhD6CoDzbh5JdXfysV-2FSfT6GUDzq3n4MYa1-2BWVYzMOiEcT1w-3D-3D\">Besuchen Sie unsere Website<\/a><\/strong>, um das detaillierte Programm der dreit\u00e4gigen Studienreise zu entdecken sowie alle Informationen \u00fcber die von Luxinnovation \u00fcbernommenen Kosten und die Kosten, die von den Teilnehmenden zu tragen sind.<br><br><a href=\"Anmeldeschluss: 20. November 2024 \"><strong>Anmeldeschluss: 20. November 202<\/strong>4 <\/a> <\/p>\n\n\n\n<figure class=\"wp-block-table\"><table class=\"has-fixed-layout\"><tbody><tr><td><img decoding=\"async\" src=\"https:\/\/stlxipuhot.blob.core.windows.net\/staging\/sharedmedia\/luxinnovation\/emails\/rect-left-blue.png\"><\/td><td><a href=\"https:\/\/u20481299.ct.sendgrid.net\/ls\/click?upn=u001.I4fjMHctoR8Yk0z-2FUQ7vvo-2Br5GBc-2FdCXAAn4NDR-2BVMH1Go6Dor3tRobvBTmKhG05NbfA9bH9Ux-2F15h-2BI0ZRlntY5fgAR3BYhbN7Sx8bDFq4KxQx9m9TV7Jj0zEUh3-2Bx7jXkcNAq8AzR1UQQ6JfUqN8AyPn7W4tP55OXIS-2FWxKj4R-2BI7oH1gHPH-2FhoCGYliObPY-2F4quAqnwi41hO1-2F0TTixftBBPwFe4uW7kjmj50jnfI9ohJPKjNLxjR7NAYVkK6tHrEnbH3fYkBmau9hU-2FHCJ10gsIFOVjSNCClob46Spg-3DcJeH_Ui321APFDyYj0OC31AJ7wUyVoDXZ5BYsIFUBUPfsOs9pzpe3aBOwRnqfp4q3WCuUKpNVI-2B-2FqR9TEURJUo7XgwDwmqeDWPIgqQkpFMvsdKW62bvAXVUGUGTVQaYeD28kqhPmihmSg5mFGyKI7hBux5DkqzD-2BK8WMVuuQOu-2BqrcsP-2FcUzM2egowrQTSwXLDT2GmLV9kUGWBz1eIiw0g-2Ba8Mw-3D-3D\">Jetzt anmelden<\/a><\/td><td><img decoding=\"async\" src=\"https:\/\/stlxipuhot.blob.core.windows.net\/staging\/sharedmedia\/luxinnovation\/emails\/rect-right-blue.png\"><\/td><\/tr><\/tbody><\/table><\/figure>\n\n\n\n<p><\/p>\n","protected":false},"featured_media":0,"template":"","class_list":["post-2182","agenda","type-agenda","status-publish","hentry"],"acf":[],"yoast_head":"<!-- This site is optimized with the Yoast SEO plugin v27.3 - https:\/\/yoast.com\/product\/yoast-seo-wordpress\/ -->\n<title>4. bis 6. Dezember 2024 - eine dreit\u00e4gige Studeireise die am Ramde des IHF in Innsbruck - \u00d6sterreich - Projet INTERREG GR W.A.V.E.<\/title>\n<meta name=\"robots\" content=\"index, follow, max-snippet:-1, max-image-preview:large, max-video-preview:-1\" \/>\n<link rel=\"canonical\" href=\"https:\/\/wave-gr.eu\/de\/agenda\/4-bis-6-dezember-2024-eine-dreitaegige-studeireise-die-am-ramde-des-ihf-in-innsbruck-oesterreich\/\" \/>\n<meta property=\"og:locale\" content=\"de_DE\" \/>\n<meta property=\"og:type\" content=\"article\" \/>\n<meta property=\"og:title\" content=\"4. bis 6. Dezember 2024 - eine dreit\u00e4gige Studeireise die am Ramde des IHF in Innsbruck - \u00d6sterreich - Projet INTERREG GR W.A.V.E.\" \/>\n<meta property=\"og:description\" content=\"Im Rahmen des Interreg-Projekts W.A.V.E. organisiert das Luxembourg Wood Cluster von Luxinnovation in Zusammenarbeit mit dem Ordre des Architectes et des Ing\u00e9nieurs-Conseils (OAI) Luxembourg und den belgischen und deutschen Projektpartnern der Gro\u00dfregion vom 4. bis 6. Dezember eine dreit\u00e4gige Studienreise, die am Rande des Internationalen Holzbau-Forums IHF in Innsbruck, \u00d6sterreich, stattfindet. W.A.V.E. ist ein von [&hellip;]\" \/>\n<meta property=\"og:url\" content=\"https:\/\/wave-gr.eu\/de\/agenda\/4-bis-6-dezember-2024-eine-dreitaegige-studeireise-die-am-ramde-des-ihf-in-innsbruck-oesterreich\/\" \/>\n<meta property=\"og:site_name\" content=\"Projet INTERREG GR W.A.V.E.\" \/>\n<meta property=\"article:modified_time\" content=\"2024-11-12T17:02:13+00:00\" \/>\n<meta property=\"og:image\" content=\"https:\/\/stlxipuhot.blob.core.windows.net\/staging\/sharedmedia\/luxinnovation\/emails\/rect-left-blue.png\" \/>\n<meta name=\"twitter:card\" content=\"summary_large_image\" \/>\n<meta name=\"twitter:label1\" content=\"Gesch\u00e4tzte Lesezeit\" \/>\n\t<meta name=\"twitter:data1\" content=\"2\u00a0Minuten\" \/>\n<script type=\"application\/ld+json\" class=\"yoast-schema-graph\">{\"@context\":\"https:\\\/\\\/schema.org\",\"@graph\":[{\"@type\":\"WebPage\",\"@id\":\"https:\\\/\\\/wave-gr.eu\\\/de\\\/agenda\\\/4-bis-6-dezember-2024-eine-dreitaegige-studeireise-die-am-ramde-des-ihf-in-innsbruck-oesterreich\\\/\",\"url\":\"https:\\\/\\\/wave-gr.eu\\\/de\\\/agenda\\\/4-bis-6-dezember-2024-eine-dreitaegige-studeireise-die-am-ramde-des-ihf-in-innsbruck-oesterreich\\\/\",\"name\":\"4. bis 6. Dezember 2024 - eine dreit\u00e4gige Studeireise die am Ramde des IHF in Innsbruck - \u00d6sterreich - Projet INTERREG GR W.A.V.E.\",\"isPartOf\":{\"@id\":\"https:\\\/\\\/wave-gr.eu\\\/de\\\/#website\"},\"primaryImageOfPage\":{\"@id\":\"https:\\\/\\\/wave-gr.eu\\\/de\\\/agenda\\\/4-bis-6-dezember-2024-eine-dreitaegige-studeireise-die-am-ramde-des-ihf-in-innsbruck-oesterreich\\\/#primaryimage\"},\"image\":{\"@id\":\"https:\\\/\\\/wave-gr.eu\\\/de\\\/agenda\\\/4-bis-6-dezember-2024-eine-dreitaegige-studeireise-die-am-ramde-des-ihf-in-innsbruck-oesterreich\\\/#primaryimage\"},\"thumbnailUrl\":\"https:\\\/\\\/stlxipuhot.blob.core.windows.net\\\/staging\\\/sharedmedia\\\/luxinnovation\\\/emails\\\/rect-left-blue.png\",\"datePublished\":\"2024-11-12T17:02:11+00:00\",\"dateModified\":\"2024-11-12T17:02:13+00:00\",\"breadcrumb\":{\"@id\":\"https:\\\/\\\/wave-gr.eu\\\/de\\\/agenda\\\/4-bis-6-dezember-2024-eine-dreitaegige-studeireise-die-am-ramde-des-ihf-in-innsbruck-oesterreich\\\/#breadcrumb\"},\"inLanguage\":\"de\",\"potentialAction\":[{\"@type\":\"ReadAction\",\"target\":[\"https:\\\/\\\/wave-gr.eu\\\/de\\\/agenda\\\/4-bis-6-dezember-2024-eine-dreitaegige-studeireise-die-am-ramde-des-ihf-in-innsbruck-oesterreich\\\/\"]}]},{\"@type\":\"ImageObject\",\"inLanguage\":\"de\",\"@id\":\"https:\\\/\\\/wave-gr.eu\\\/de\\\/agenda\\\/4-bis-6-dezember-2024-eine-dreitaegige-studeireise-die-am-ramde-des-ihf-in-innsbruck-oesterreich\\\/#primaryimage\",\"url\":\"https:\\\/\\\/stlxipuhot.blob.core.windows.net\\\/staging\\\/sharedmedia\\\/luxinnovation\\\/emails\\\/rect-left-blue.png\",\"contentUrl\":\"https:\\\/\\\/stlxipuhot.blob.core.windows.net\\\/staging\\\/sharedmedia\\\/luxinnovation\\\/emails\\\/rect-left-blue.png\"},{\"@type\":\"BreadcrumbList\",\"@id\":\"https:\\\/\\\/wave-gr.eu\\\/de\\\/agenda\\\/4-bis-6-dezember-2024-eine-dreitaegige-studeireise-die-am-ramde-des-ihf-in-innsbruck-oesterreich\\\/#breadcrumb\",\"itemListElement\":[{\"@type\":\"ListItem\",\"position\":1,\"name\":\"Home\",\"item\":\"https:\\\/\\\/wave-gr.eu\\\/de\\\/\"},{\"@type\":\"ListItem\",\"position\":2,\"name\":\"4. bis 6. Dezember 2024 &#8211; eine dreit\u00e4gige Studeireise die am Ramde des IHF in Innsbruck &#8211; \u00d6sterreich\"}]},{\"@type\":\"WebSite\",\"@id\":\"https:\\\/\\\/wave-gr.eu\\\/de\\\/#website\",\"url\":\"https:\\\/\\\/wave-gr.eu\\\/de\\\/\",\"name\":\"Projet INTERREG GR W.A.V.E.\",\"description\":\"\",\"publisher\":{\"@id\":\"https:\\\/\\\/wave-gr.eu\\\/de\\\/#organization\"},\"potentialAction\":[{\"@type\":\"SearchAction\",\"target\":{\"@type\":\"EntryPoint\",\"urlTemplate\":\"https:\\\/\\\/wave-gr.eu\\\/de\\\/?s={search_term_string}\"},\"query-input\":{\"@type\":\"PropertyValueSpecification\",\"valueRequired\":true,\"valueName\":\"search_term_string\"}}],\"inLanguage\":\"de\"},{\"@type\":\"Organization\",\"@id\":\"https:\\\/\\\/wave-gr.eu\\\/de\\\/#organization\",\"name\":\"Projet INTERREG GR W.A.V.E.\",\"url\":\"https:\\\/\\\/wave-gr.eu\\\/de\\\/\",\"logo\":{\"@type\":\"ImageObject\",\"inLanguage\":\"de\",\"@id\":\"https:\\\/\\\/wave-gr.eu\\\/de\\\/#\\\/schema\\\/logo\\\/image\\\/\",\"url\":\"https:\\\/\\\/wave-gr.eu\\\/wp-content\\\/uploads\\\/2024\\\/10\\\/cropped-Groupe-3964.png\",\"contentUrl\":\"https:\\\/\\\/wave-gr.eu\\\/wp-content\\\/uploads\\\/2024\\\/10\\\/cropped-Groupe-3964.png\",\"width\":512,\"height\":512,\"caption\":\"Projet INTERREG GR W.A.V.E.\"},\"image\":{\"@id\":\"https:\\\/\\\/wave-gr.eu\\\/de\\\/#\\\/schema\\\/logo\\\/image\\\/\"}}]}<\/script>\n<!-- \/ Yoast SEO plugin. -->","yoast_head_json":{"title":"4. bis 6. Dezember 2024 - eine dreit\u00e4gige Studeireise die am Ramde des IHF in Innsbruck - \u00d6sterreich - Projet INTERREG GR W.A.V.E.","robots":{"index":"index","follow":"follow","max-snippet":"max-snippet:-1","max-image-preview":"max-image-preview:large","max-video-preview":"max-video-preview:-1"},"canonical":"https:\/\/wave-gr.eu\/de\/agenda\/4-bis-6-dezember-2024-eine-dreitaegige-studeireise-die-am-ramde-des-ihf-in-innsbruck-oesterreich\/","og_locale":"de_DE","og_type":"article","og_title":"4. bis 6. Dezember 2024 - eine dreit\u00e4gige Studeireise die am Ramde des IHF in Innsbruck - \u00d6sterreich - Projet INTERREG GR W.A.V.E.","og_description":"Im Rahmen des Interreg-Projekts W.A.V.E. organisiert das Luxembourg Wood Cluster von Luxinnovation in Zusammenarbeit mit dem Ordre des Architectes et des Ing\u00e9nieurs-Conseils (OAI) Luxembourg und den belgischen und deutschen Projektpartnern der Gro\u00dfregion vom 4. bis 6. Dezember eine dreit\u00e4gige Studienreise, die am Rande des Internationalen Holzbau-Forums IHF in Innsbruck, \u00d6sterreich, stattfindet. W.A.V.E. ist ein von [&hellip;]","og_url":"https:\/\/wave-gr.eu\/de\/agenda\/4-bis-6-dezember-2024-eine-dreitaegige-studeireise-die-am-ramde-des-ihf-in-innsbruck-oesterreich\/","og_site_name":"Projet INTERREG GR W.A.V.E.","article_modified_time":"2024-11-12T17:02:13+00:00","og_image":[{"url":"https:\/\/stlxipuhot.blob.core.windows.net\/staging\/sharedmedia\/luxinnovation\/emails\/rect-left-blue.png","type":"","width":"","height":""}],"twitter_card":"summary_large_image","twitter_misc":{"Gesch\u00e4tzte Lesezeit":"2\u00a0Minuten"},"schema":{"@context":"https:\/\/schema.org","@graph":[{"@type":"WebPage","@id":"https:\/\/wave-gr.eu\/de\/agenda\/4-bis-6-dezember-2024-eine-dreitaegige-studeireise-die-am-ramde-des-ihf-in-innsbruck-oesterreich\/","url":"https:\/\/wave-gr.eu\/de\/agenda\/4-bis-6-dezember-2024-eine-dreitaegige-studeireise-die-am-ramde-des-ihf-in-innsbruck-oesterreich\/","name":"4. bis 6. Dezember 2024 - eine dreit\u00e4gige Studeireise die am Ramde des IHF in Innsbruck - \u00d6sterreich - Projet INTERREG GR W.A.V.E.","isPartOf":{"@id":"https:\/\/wave-gr.eu\/de\/#website"},"primaryImageOfPage":{"@id":"https:\/\/wave-gr.eu\/de\/agenda\/4-bis-6-dezember-2024-eine-dreitaegige-studeireise-die-am-ramde-des-ihf-in-innsbruck-oesterreich\/#primaryimage"},"image":{"@id":"https:\/\/wave-gr.eu\/de\/agenda\/4-bis-6-dezember-2024-eine-dreitaegige-studeireise-die-am-ramde-des-ihf-in-innsbruck-oesterreich\/#primaryimage"},"thumbnailUrl":"https:\/\/stlxipuhot.blob.core.windows.net\/staging\/sharedmedia\/luxinnovation\/emails\/rect-left-blue.png","datePublished":"2024-11-12T17:02:11+00:00","dateModified":"2024-11-12T17:02:13+00:00","breadcrumb":{"@id":"https:\/\/wave-gr.eu\/de\/agenda\/4-bis-6-dezember-2024-eine-dreitaegige-studeireise-die-am-ramde-des-ihf-in-innsbruck-oesterreich\/#breadcrumb"},"inLanguage":"de","potentialAction":[{"@type":"ReadAction","target":["https:\/\/wave-gr.eu\/de\/agenda\/4-bis-6-dezember-2024-eine-dreitaegige-studeireise-die-am-ramde-des-ihf-in-innsbruck-oesterreich\/"]}]},{"@type":"ImageObject","inLanguage":"de","@id":"https:\/\/wave-gr.eu\/de\/agenda\/4-bis-6-dezember-2024-eine-dreitaegige-studeireise-die-am-ramde-des-ihf-in-innsbruck-oesterreich\/#primaryimage","url":"https:\/\/stlxipuhot.blob.core.windows.net\/staging\/sharedmedia\/luxinnovation\/emails\/rect-left-blue.png","contentUrl":"https:\/\/stlxipuhot.blob.core.windows.net\/staging\/sharedmedia\/luxinnovation\/emails\/rect-left-blue.png"},{"@type":"BreadcrumbList","@id":"https:\/\/wave-gr.eu\/de\/agenda\/4-bis-6-dezember-2024-eine-dreitaegige-studeireise-die-am-ramde-des-ihf-in-innsbruck-oesterreich\/#breadcrumb","itemListElement":[{"@type":"ListItem","position":1,"name":"Home","item":"https:\/\/wave-gr.eu\/de\/"},{"@type":"ListItem","position":2,"name":"4. bis 6. Dezember 2024 &#8211; eine dreit\u00e4gige Studeireise die am Ramde des IHF in Innsbruck &#8211; \u00d6sterreich"}]},{"@type":"WebSite","@id":"https:\/\/wave-gr.eu\/de\/#website","url":"https:\/\/wave-gr.eu\/de\/","name":"Projet INTERREG GR W.A.V.E.","description":"","publisher":{"@id":"https:\/\/wave-gr.eu\/de\/#organization"},"potentialAction":[{"@type":"SearchAction","target":{"@type":"EntryPoint","urlTemplate":"https:\/\/wave-gr.eu\/de\/?s={search_term_string}"},"query-input":{"@type":"PropertyValueSpecification","valueRequired":true,"valueName":"search_term_string"}}],"inLanguage":"de"},{"@type":"Organization","@id":"https:\/\/wave-gr.eu\/de\/#organization","name":"Projet INTERREG GR W.A.V.E.","url":"https:\/\/wave-gr.eu\/de\/","logo":{"@type":"ImageObject","inLanguage":"de","@id":"https:\/\/wave-gr.eu\/de\/#\/schema\/logo\/image\/","url":"https:\/\/wave-gr.eu\/wp-content\/uploads\/2024\/10\/cropped-Groupe-3964.png","contentUrl":"https:\/\/wave-gr.eu\/wp-content\/uploads\/2024\/10\/cropped-Groupe-3964.png","width":512,"height":512,"caption":"Projet INTERREG GR W.A.V.E."},"image":{"@id":"https:\/\/wave-gr.eu\/de\/#\/schema\/logo\/image\/"}}]}},"_links":{"self":[{"href":"https:\/\/wave-gr.eu\/de\/wp-json\/wp\/v2\/agenda\/2182","targetHints":{"allow":["GET"]}}],"collection":[{"href":"https:\/\/wave-gr.eu\/de\/wp-json\/wp\/v2\/agenda"}],"about":[{"href":"https:\/\/wave-gr.eu\/de\/wp-json\/wp\/v2\/types\/agenda"}],"wp:attachment":[{"href":"https:\/\/wave-gr.eu\/de\/wp-json\/wp\/v2\/media?parent=2182"}],"curies":[{"name":"wp","href":"https:\/\/api.w.org\/{rel}","templated":true}]}}